{"id":1334,"date":"2021-10-12T15:18:14","date_gmt":"2021-10-12T15:18:14","guid":{"rendered":"https:\/\/startertemplatecloud.com\/g14\/?page_id=8"},"modified":"2025-10-13T13:09:16","modified_gmt":"2025-10-13T13:09:16","slug":"home","status":"publish","type":"page","link":"https:\/\/pamiec81.pl\/","title":{"rendered":"Home"},"content":{"rendered":"<style>.kb-row-layout-id1334_4b4a63-d7 > .kt-row-column-wrap{align-content:center;}:where(.kb-row-layout-id1334_4b4a63-d7 > .kt-row-column-wrap) > .wp-block-kadence-column{justify-content:center;}.kb-row-layout-id1334_4b4a63-d7 > .kt-row-column-wrap{column-gap:var(--global-kb-gap-md, 2rem);row-gap:var(--global-kb-gap-md, 2rem);max-width:var( --global-content-width, 1290px );padding-left:var(--global-content-edge-padding);padding-right:var(--global-content-edge-padding);padding-top:260px;padding-bottom:200px;grid-template-columns:repeat(2, minmax(0, 1fr));}.kb-row-layout-id1334_4b4a63-d7{background-image:url('https:\/\/pamiec81.pl\/wp-content\/uploads\/2024\/10\/shutterstock_1146067166-e1728911665947.jpg');background-size:cover;background-position:center center;background-attachment:scroll;background-repeat:no-repeat;}.kb-row-layout-id1334_4b4a63-d7 > .kt-row-layout-overlay{opacity:1;background:linear-gradient(140deg, var(--global-palette9) 15%, rgba(255, 255, 255, 0) 75%);mix-blend-mode:normal;}@media all and (max-width: 1024px), only screen and (min-device-width: 1024px) and (max-device-width: 1366px) and (-webkit-min-device-pixel-ratio: 2) and (hover: none){.kb-row-layout-wrap.wp-block-kadence-rowlayout.kb-row-layout-id1334_4b4a63-d7{background-image:url('https:\/\/pamiec81.pl\/wp-content\/uploads\/2021\/07\/weNav1RgkTo.jpg');background-size:cover;background-position:97% 72%;background-attachment:scroll;background-repeat:no-repeat;}}@media all and (max-width: 1024px){.kb-row-layout-id1334_4b4a63-d7 > .kt-row-column-wrap{grid-template-columns:minmax(0, 1fr);}}@media all and (max-width: 1024px){.kb-row-layout-id1334_4b4a63-d7 > .kt-row-layout-overlay{opacity:0.65;background:var(--global-palette9, #ffffff);}}@media all and (max-width: 767px){.kb-row-layout-id1334_4b4a63-d7 > .kt-row-column-wrap{padding-top:var(--global-kb-spacing-xxl, 5rem);grid-template-columns:minmax(0, 1fr);}.kb-row-layout-wrap.wp-block-kadence-rowlayout.kb-row-layout-id1334_4b4a63-d7{background-image:url('https:\/\/pamiec81.pl\/wp-content\/uploads\/2024\/10\/shutterstock_1146067166-e1728911665947.jpg');background-size:cover;background-position:88% 45%;background-attachment:scroll;background-repeat:no-repeat;}}<\/style><div class=\"kb-row-layout-wrap kb-row-layout-id1334_4b4a63-d7 alignnone kt-row-has-bg wp-block-kadence-rowlayout\"><div class=\"kt-row-layout-overlay kt-row-overlay-gradient\"><\/div><div class=\"kt-row-column-wrap kt-has-2-columns kt-row-layout-equal kt-tab-layout-row kt-mobile-layout-row kt-row-valign-middle kb-theme-content-width\">\n<style>.kadence-column1334_d947c4-ea > .kt-inside-inner-col,.kadence-column1334_d947c4-ea > .kt-inside-inner-col:before{border-top-left-radius:0px;border-top-right-radius:0px;border-bottom-right-radius:0px;border-bottom-left-radius:0px;}.kadence-column1334_d947c4-ea > .kt-inside-inner-col{column-gap:var(--global-kb-gap-sm, 1rem);}.kadence-column1334_d947c4-ea > .kt-inside-inner-col{flex-direction:column;}.kadence-column1334_d947c4-ea > .kt-inside-inner-col > .aligncenter{width:100%;}.kadence-column1334_d947c4-ea > .kt-inside-inner-col:before{opacity:0.3;}.kadence-column1334_d947c4-ea{position:relative;}@media all and (max-width: 1024px){.kadence-column1334_d947c4-ea > .kt-inside-inner-col{flex-direction:column;justify-content:center;}}@media all and (max-width: 767px){.kadence-column1334_d947c4-ea > .kt-inside-inner-col{flex-direction:column;justify-content:center;}}<\/style>\n<div class=\"wp-block-kadence-column kadence-column1334_d947c4-ea inner-column-1\"><div class=\"kt-inside-inner-col\"><style>.wp-block-kadence-advancedheading.kt-adv-heading1334_813972-e7, .wp-block-kadence-advancedheading.kt-adv-heading1334_813972-e7[data-kb-block=\"kb-adv-heading1334_813972-e7\"]{font-size:80px;font-style:normal;}.wp-block-kadence-advancedheading.kt-adv-heading1334_813972-e7 mark.kt-highlight, .wp-block-kadence-advancedheading.kt-adv-heading1334_813972-e7[data-kb-block=\"kb-adv-heading1334_813972-e7\"] mark.kt-highlight{font-style:normal;color:#f76a0c;-webkit-box-decoration-break:clone;box-decoration-break:clone;padding-top:0px;padding-right:0px;padding-bottom:0px;padding-left:0px;}.wp-block-kadence-advancedheading.kt-adv-heading1334_813972-e7 img.kb-inline-image, .wp-block-kadence-advancedheading.kt-adv-heading1334_813972-e7[data-kb-block=\"kb-adv-heading1334_813972-e7\"] img.kb-inline-image{width:150px;vertical-align:baseline;}@media all and (max-width: 1024px){.wp-block-kadence-advancedheading.kt-adv-heading1334_813972-e7, .wp-block-kadence-advancedheading.kt-adv-heading1334_813972-e7[data-kb-block=\"kb-adv-heading1334_813972-e7\"]{font-size:70px;}}@media all and (max-width: 767px){.wp-block-kadence-advancedheading.kt-adv-heading1334_813972-e7, .wp-block-kadence-advancedheading.kt-adv-heading1334_813972-e7[data-kb-block=\"kb-adv-heading1334_813972-e7\"]{font-size:var(--global-kb-font-size-xl, 3rem);}}<\/style>\n<h1 class=\"kt-adv-heading1334_813972-e7 wp-block-kadence-advancedheading has-theme-palette-3-color has-text-color\" data-kb-block=\"kb-adv-heading1334_813972-e7\">walka o wolno\u015b\u0107 i demokracj\u0119<\/h1>\n\n\n<style>.wp-block-kadence-advancedheading.kt-adv-heading1334_c96d2c-8e, .wp-block-kadence-advancedheading.kt-adv-heading1334_c96d2c-8e[data-kb-block=\"kb-adv-heading1334_c96d2c-8e\"]{font-style:normal;}.wp-block-kadence-advancedheading.kt-adv-heading1334_c96d2c-8e mark.kt-highlight, .wp-block-kadence-advancedheading.kt-adv-heading1334_c96d2c-8e[data-kb-block=\"kb-adv-heading1334_c96d2c-8e\"] mark.kt-highlight{font-style:normal;color:#f76a0c;-webkit-box-decoration-break:clone;box-decoration-break:clone;padding-top:0px;padding-right:0px;padding-bottom:0px;padding-left:0px;}.wp-block-kadence-advancedheading.kt-adv-heading1334_c96d2c-8e img.kb-inline-image, .wp-block-kadence-advancedheading.kt-adv-heading1334_c96d2c-8e[data-kb-block=\"kb-adv-heading1334_c96d2c-8e\"] img.kb-inline-image{width:150px;vertical-align:baseline;}<\/style>\n<p class=\"kt-adv-heading1334_c96d2c-8e wp-block-kadence-advancedheading has-theme-palette-5-color has-text-color\" data-kb-block=\"kb-adv-heading1334_c96d2c-8e\">Stan wojenny w Polsce (1981\u20131983) wprowadzony przez gen. Jaruzelskiego mia\u0142 na celu st\u0142umienie &#8222;Solidarno\u015bci&#8221;. By\u0142 jednym z najtrudniejszych okres\u00f3w w historii PRL, pe\u0142nym represji i oporu.<\/p>\n\n\n<style>.wp-block-kadence-advancedbtn.kb-btns1334_a35709-13{gap:var(--global-kb-gap-xs, 0.5rem );justify-content:flex-start;align-items:center;}.kt-btns1334_a35709-13 .kt-button{font-weight:normal;font-style:normal;}@media all and (max-width: 767px){.wp-block-kadence-advancedbtn.kb-btns1334_a35709-13{justify-content:center;}}<\/style>\n<div class=\"wp-block-kadence-advancedbtn kb-buttons-wrap kb-btns1334_a35709-13\"><style>ul.menu .wp-block-kadence-advancedbtn .kb-btn1334_34e3fa-2e.kb-button{width:initial;}<\/style><a class=\"kb-button kt-button button kb-btn1334_34e3fa-2e kt-btn-size-standard kt-btn-width-type-auto kb-btn-global-inherit  kt-btn-has-text-true kt-btn-has-svg-false  wp-block-button__link wp-block-kadence-singlebtn\" href=\"https:\/\/pamiec81.pl\/index.php\/publicystyka\/historia\/\"><span class=\"kt-btn-inner-text\">Czytaj wi\u0119cej<\/span><\/a><\/div>\n<\/div><\/div>\n\n\n<style>.kadence-column1334_73c8b7-75 > .kt-inside-inner-col,.kadence-column1334_73c8b7-75 > .kt-inside-inner-col:before{border-top-left-radius:0px;border-top-right-radius:0px;border-bottom-right-radius:0px;border-bottom-left-radius:0px;}.kadence-column1334_73c8b7-75 > .kt-inside-inner-col{column-gap:var(--global-kb-gap-sm, 1rem);}.kadence-column1334_73c8b7-75 > .kt-inside-inner-col{flex-direction:column;}.kadence-column1334_73c8b7-75 > .kt-inside-inner-col > .aligncenter{width:100%;}.kadence-column1334_73c8b7-75 > .kt-inside-inner-col:before{opacity:0.3;}.kadence-column1334_73c8b7-75{position:relative;}@media all and (max-width: 1024px){.kadence-column1334_73c8b7-75 > .kt-inside-inner-col{flex-direction:column;justify-content:center;}}@media all and (max-width: 767px){.kadence-column1334_73c8b7-75 > .kt-inside-inner-col{flex-direction:column;justify-content:center;}}<\/style>\n<div class=\"wp-block-kadence-column kadence-column1334_73c8b7-75 kvs-sm-false inner-column-2\"><div class=\"kt-inside-inner-col\"><\/div><\/div>\n\n<\/div><\/div>\n\n<style>.kb-row-layout-id1334_d70e0b-3c > .kt-row-column-wrap{align-content:start;}:where(.kb-row-layout-id1334_d70e0b-3c > .kt-row-column-wrap) > .wp-block-kadence-column{justify-content:start;}.kb-row-layout-id1334_d70e0b-3c > .kt-row-column-wrap{column-gap:var(--global-kb-gap-md, 2rem);row-gap:var(--global-kb-gap-md, 2rem);max-width:var( --global-content-width, 1290px );padding-left:var(--global-content-edge-padding);padding-right:var(--global-content-edge-padding);padding-top:var(--global-kb-spacing-sm, 1.5rem);padding-bottom:var(--global-kb-spacing-sm, 1.5rem);grid-template-columns:minmax(0, 1fr);}.kb-row-layout-id1334_d70e0b-3c > .kt-row-layout-overlay{opacity:0.30;}@media all and (max-width: 1024px){.kb-row-layout-id1334_d70e0b-3c > .kt-row-column-wrap{grid-template-columns:minmax(0, 1fr);}}@media all and (max-width: 767px){.kb-row-layout-id1334_d70e0b-3c > .kt-row-column-wrap{grid-template-columns:minmax(0, 1fr);}}<\/style><div class=\"kb-row-layout-wrap kb-row-layout-id1334_d70e0b-3c alignnone wp-block-kadence-rowlayout\"><div class=\"kt-row-column-wrap kt-has-1-columns kt-row-layout-equal kt-tab-layout-inherit kt-mobile-layout-row kt-row-valign-top kb-theme-content-width\">\n<style>.kadence-column1334_e8acf4-15 > .kt-inside-inner-col,.kadence-column1334_e8acf4-15 > .kt-inside-inner-col:before{border-top-left-radius:0px;border-top-right-radius:0px;border-bottom-right-radius:0px;border-bottom-left-radius:0px;}.kadence-column1334_e8acf4-15 > .kt-inside-inner-col{column-gap:var(--global-kb-gap-sm, 1rem);}.kadence-column1334_e8acf4-15 > .kt-inside-inner-col{flex-direction:column;}.kadence-column1334_e8acf4-15 > .kt-inside-inner-col > .aligncenter{width:100%;}.kadence-column1334_e8acf4-15 > .kt-inside-inner-col:before{opacity:0.3;}.kadence-column1334_e8acf4-15{position:relative;}@media all and (max-width: 1024px){.kadence-column1334_e8acf4-15 > .kt-inside-inner-col{flex-direction:column;justify-content:center;}}@media all and (max-width: 767px){.kadence-column1334_e8acf4-15 > .kt-inside-inner-col{flex-direction:column;justify-content:center;}}<\/style>\n<div class=\"wp-block-kadence-column kadence-column1334_e8acf4-15\"><div class=\"kt-inside-inner-col\"><style>.kb-posts-id-1334_aa1560-a7 .kb-post-list-item{display:grid;}<\/style><ul class=\"wp-block-kadence-posts kb-posts kadence-posts-list kb-posts-id-1334_aa1560-a7 content-wrap grid-cols kb-posts-style-boxed grid-sm-col-2 grid-lg-col-3 item-image-style-above\"><li class=\"kb-post-list-item\">\n\t<article class=\"entry content-bg loop-entry post-1686 post type-post status-publish format-standard has-post-thumbnail hentry category-blog\">\n\t\t\t\t<a aria-hidden=\"true\" tabindex=\"-1\" role=\"presentation\" class=\"post-thumbnail kadence-thumbnail-ratio-2-3\" href=\"https:\/\/pamiec81.pl\/index.php\/jak-meczyki-pl-opisuja-oferte-bukmacherow-i-dzial-z-bonusami-bukmacherskimi\/\" aria-label=\"Jak Meczyki.pl opisuj\u0105 ofert\u0119 bukmacher\u00f3w i dzia\u0142 z bonusami bukmacherskimi\">\n\t\t\t<div class=\"post-thumbnail-inner\">\n\t\t\t\t<img loading=\"lazy\" decoding=\"async\" width=\"768\" height=\"512\" src=\"https:\/\/pamiec81.pl\/wp-content\/uploads\/2025\/12\/shutterstock_2316619169-768x512.jpg\" class=\"attachment-medium_large size-medium_large wp-post-image\" alt=\"Jak Meczyki.pl opisuj\u0105 ofert\u0119 bukmacher\u00f3w i dzia\u0142 z bonusami bukmacherskimi\" srcset=\"https:\/\/pamiec81.pl\/wp-content\/uploads\/2025\/12\/shutterstock_2316619169-768x512.jpg 768w, https:\/\/pamiec81.pl\/wp-content\/uploads\/2025\/12\/shutterstock_2316619169-300x200.jpg 300w, https:\/\/pamiec81.pl\/wp-content\/uploads\/2025\/12\/shutterstock_2316619169.jpg 1000w\" sizes=\"auto, (max-width: 768px) 100vw, 768px\" \/>\t\t\t<\/div>\n\t\t<\/a><!-- .post-thumbnail -->\n\t\t\t\t<div class=\"entry-content-wrap\">\n\t\t\t<header class=\"entry-header\">\n\t<h2 class=\"entry-title\"><a href=\"https:\/\/pamiec81.pl\/index.php\/jak-meczyki-pl-opisuja-oferte-bukmacherow-i-dzial-z-bonusami-bukmacherskimi\/\" rel=\"bookmark\">Jak Meczyki.pl opisuj\u0105 ofert\u0119 bukmacher\u00f3w i dzia\u0142 z bonusami bukmacherskimi<\/a><\/h2><\/header><!-- .entry-header -->\n\t<div class=\"entry-summary\">\n\t\t<p>Meczyki.pl od wielu lat s\u0105 jednym z najwa\u017cniejszych portali sportowych w Polsce. Codziennie korzystaj\u0105 z niego setki tysi\u0119cy kibic\u00f3w \u015bledz\u0105cych naj\u015bwie\u017csze wydarzenia ze \u015bwiata pi\u0142ki no\u017cnej \u2013 od mecz\u00f3w Ekstraklasy, przez europejskie puchary, a\u017c po turnieje reprezentacyjne. Serwis dostarcza wyniki na \u017cywo, analizy meczowe, wypowiedzi ekspert\u00f3w oraz szeroki wachlarz statystyk pi\u0142karskich. Dopiero obok tej g\u0142\u00f3wnej,&#8230;<\/p>\n\t<\/div><!-- .entry-summary -->\n\t<footer class=\"entry-footer\">\n\t\t\t<div class=\"entry-actions\">\n\t\t\t<p class=\"more-link-wrap\">\n\t\t\t\t<a href=\"https:\/\/pamiec81.pl\/index.php\/jak-meczyki-pl-opisuja-oferte-bukmacherow-i-dzial-z-bonusami-bukmacherskimi\/\" class=\"post-more-link\">\n\t\t\t\t\tCzytaj wi\u0119cej<span class=\"screen-reader-text\"> Jak Meczyki.pl opisuj\u0105 ofert\u0119 bukmacher\u00f3w i dzia\u0142 z bonusami bukmacherskimi<\/span><span class=\"kadence-svg-iconset svg-baseline\"><svg aria-hidden=\"true\" class=\"kadence-svg-icon kadence-arrow-right-alt-svg\" fill=\"currentColor\" version=\"1.1\" xmlns=\"http:\/\/www.w3.org\/2000\/svg\" width=\"27\" height=\"28\" viewBox=\"0 0 27 28\"><title>Kontynuuj<\/title><path d=\"M27 13.953c0 0.141-0.063 0.281-0.156 0.375l-6 5.531c-0.156 0.141-0.359 0.172-0.547 0.094-0.172-0.078-0.297-0.25-0.297-0.453v-3.5h-19.5c-0.281 0-0.5-0.219-0.5-0.5v-3c0-0.281 0.219-0.5 0.5-0.5h19.5v-3.5c0-0.203 0.109-0.375 0.297-0.453s0.391-0.047 0.547 0.078l6 5.469c0.094 0.094 0.156 0.219 0.156 0.359v0z\"><\/path>\n\t\t\t<\/svg><\/span>\t\t\t\t<\/a>\n\t\t\t<\/p>\n\t\t<\/div><!-- .entry-actions -->\n\t\t<\/footer><!-- .entry-footer -->\t\t<\/div>\n\t<\/article>\n<\/li>\n<li class=\"kb-post-list-item\">\n\t<article class=\"entry content-bg loop-entry post-1629 post type-post status-publish format-standard has-post-thumbnail hentry category-zycie-codzienne\">\n\t\t\t\t<a aria-hidden=\"true\" tabindex=\"-1\" role=\"presentation\" class=\"post-thumbnail kadence-thumbnail-ratio-2-3\" href=\"https:\/\/pamiec81.pl\/index.php\/sklepy-pewex-w-prl-okno-na-zachod-i-luksusowe-towary\/\" aria-label=\"Sklepy Pewex w PRL \u2013 okno na Zach\u00f3d i luksusowe towary\">\n\t\t\t<div class=\"post-thumbnail-inner\">\n\t\t\t\t<img loading=\"lazy\" decoding=\"async\" width=\"768\" height=\"509\" src=\"https:\/\/pamiec81.pl\/wp-content\/uploads\/2025\/08\/Sklepy-Pewex-w-PRL-\u2013-okno-na-Zachod-i-luksusowe-towary-768x509.jpg\" class=\"attachment-medium_large size-medium_large wp-post-image\" alt=\"Sklepy Pewex w PRL \u2013 okno na Zach\u00f3d i luksusowe towary\" srcset=\"https:\/\/pamiec81.pl\/wp-content\/uploads\/2025\/08\/Sklepy-Pewex-w-PRL-\u2013-okno-na-Zachod-i-luksusowe-towary-768x509.jpg 768w, https:\/\/pamiec81.pl\/wp-content\/uploads\/2025\/08\/Sklepy-Pewex-w-PRL-\u2013-okno-na-Zachod-i-luksusowe-towary-300x199.jpg 300w, https:\/\/pamiec81.pl\/wp-content\/uploads\/2025\/08\/Sklepy-Pewex-w-PRL-\u2013-okno-na-Zachod-i-luksusowe-towary-1024x679.jpg 1024w, https:\/\/pamiec81.pl\/wp-content\/uploads\/2025\/08\/Sklepy-Pewex-w-PRL-\u2013-okno-na-Zachod-i-luksusowe-towary.jpg 1080w\" sizes=\"auto, (max-width: 768px) 100vw, 768px\" \/>\t\t\t<\/div>\n\t\t<\/a><!-- .post-thumbnail -->\n\t\t\t\t<div class=\"entry-content-wrap\">\n\t\t\t<header class=\"entry-header\">\n\t<h2 class=\"entry-title\"><a href=\"https:\/\/pamiec81.pl\/index.php\/sklepy-pewex-w-prl-okno-na-zachod-i-luksusowe-towary\/\" rel=\"bookmark\">Sklepy Pewex w PRL \u2013 okno na Zach\u00f3d i luksusowe towary<\/a><\/h2><\/header><!-- .entry-header -->\n\t<div class=\"entry-summary\">\n\t\t<p>Sklepy Pewex w PRL stanowi\u0142y wyj\u0105tkowe zjawisko na tle socjalistycznej codzienno\u015bci, oferuj\u0105c dost\u0119p do luksusowych towar\u00f3w i produkt\u00f3w z Zachodu za zagraniczne waluty. Dla wielu Polak\u00f3w by\u0142y symbolem niedost\u0119pnego dobrobytu i namiastk\u0105 kapitalistycznego \u015bwiata, kt\u00f3ry kontrastowa\u0142 z niedoborami powszechnymi w gospodarce centralnie planowanej. Kontekst historyczny i codzienno\u015b\u0107 W realiach Polskiej Rzeczypospolitej Ludowej, zw\u0142aszcza od lat&#8230;<\/p>\n\t<\/div><!-- .entry-summary -->\n\t<footer class=\"entry-footer\">\n\t\t\t<div class=\"entry-actions\">\n\t\t\t<p class=\"more-link-wrap\">\n\t\t\t\t<a href=\"https:\/\/pamiec81.pl\/index.php\/sklepy-pewex-w-prl-okno-na-zachod-i-luksusowe-towary\/\" class=\"post-more-link\">\n\t\t\t\t\tCzytaj wi\u0119cej<span class=\"screen-reader-text\"> Sklepy Pewex w PRL \u2013 okno na Zach\u00f3d i luksusowe towary<\/span><span class=\"kadence-svg-iconset svg-baseline\"><svg aria-hidden=\"true\" class=\"kadence-svg-icon kadence-arrow-right-alt-svg\" fill=\"currentColor\" version=\"1.1\" xmlns=\"http:\/\/www.w3.org\/2000\/svg\" width=\"27\" height=\"28\" viewBox=\"0 0 27 28\"><title>Kontynuuj<\/title><path d=\"M27 13.953c0 0.141-0.063 0.281-0.156 0.375l-6 5.531c-0.156 0.141-0.359 0.172-0.547 0.094-0.172-0.078-0.297-0.25-0.297-0.453v-3.5h-19.5c-0.281 0-0.5-0.219-0.5-0.5v-3c0-0.281 0.219-0.5 0.5-0.5h19.5v-3.5c0-0.203 0.109-0.375 0.297-0.453s0.391-0.047 0.547 0.078l6 5.469c0.094 0.094 0.156 0.219 0.156 0.359v0z\"><\/path>\n\t\t\t<\/svg><\/span>\t\t\t\t<\/a>\n\t\t\t<\/p>\n\t\t<\/div><!-- .entry-actions -->\n\t\t<\/footer><!-- .entry-footer -->\t\t<\/div>\n\t<\/article>\n<\/li>\n<li class=\"kb-post-list-item\">\n\t<article class=\"entry content-bg loop-entry post-1627 post type-post status-publish format-standard has-post-thumbnail hentry category-spoleczenstwo-i-kultura\">\n\t\t\t\t<a aria-hidden=\"true\" tabindex=\"-1\" role=\"presentation\" class=\"post-thumbnail kadence-thumbnail-ratio-2-3\" href=\"https:\/\/pamiec81.pl\/index.php\/dni-wolne-i-swieta-w-prl-obchody-i-tradycje\/\" aria-label=\"Dni wolne i \u015bwi\u0119ta w PRL \u2013 obchody i tradycje\">\n\t\t\t<div class=\"post-thumbnail-inner\">\n\t\t\t\t<img loading=\"lazy\" decoding=\"async\" width=\"768\" height=\"512\" src=\"https:\/\/pamiec81.pl\/wp-content\/uploads\/2025\/08\/Dni-wolne-i-swieta-w-PRL-\u2013-obchody-i-tradycje-768x512.jpg\" class=\"attachment-medium_large size-medium_large wp-post-image\" alt=\"Dni wolne i \u015bwi\u0119ta w PRL \u2013 obchody i tradycje\" srcset=\"https:\/\/pamiec81.pl\/wp-content\/uploads\/2025\/08\/Dni-wolne-i-swieta-w-PRL-\u2013-obchody-i-tradycje-768x512.jpg 768w, https:\/\/pamiec81.pl\/wp-content\/uploads\/2025\/08\/Dni-wolne-i-swieta-w-PRL-\u2013-obchody-i-tradycje-300x200.jpg 300w, https:\/\/pamiec81.pl\/wp-content\/uploads\/2025\/08\/Dni-wolne-i-swieta-w-PRL-\u2013-obchody-i-tradycje-1024x683.jpg 1024w, https:\/\/pamiec81.pl\/wp-content\/uploads\/2025\/08\/Dni-wolne-i-swieta-w-PRL-\u2013-obchody-i-tradycje.jpg 1080w\" sizes=\"auto, (max-width: 768px) 100vw, 768px\" \/>\t\t\t<\/div>\n\t\t<\/a><!-- .post-thumbnail -->\n\t\t\t\t<div class=\"entry-content-wrap\">\n\t\t\t<header class=\"entry-header\">\n\t<h2 class=\"entry-title\"><a href=\"https:\/\/pamiec81.pl\/index.php\/dni-wolne-i-swieta-w-prl-obchody-i-tradycje\/\" rel=\"bookmark\">Dni wolne i \u015bwi\u0119ta w PRL \u2013 obchody i tradycje<\/a><\/h2><\/header><!-- .entry-header -->\n\t<div class=\"entry-summary\">\n\t\t<p>Dni wolne i \u015bwi\u0119ta pa\u0144stwowe PRL odgrywa\u0142y kluczow\u0105 rol\u0119 w kszta\u0142towaniu rytmu \u017cycia spo\u0142ecznego oraz wzmacnianiu to\u017csamo\u015bci zbiorowej. Ich obchody by\u0142y nie tylko okazj\u0105 do odpoczynku, lecz r\u00f3wnie\u017c narz\u0119dziem kszta\u0142towania postaw obywatelskich i propagowania oficjalnej ideologii. Kontekst historyczny i codzienno\u015b\u0107 W Polsce Ludowej \u015bwi\u0119ta i dni wolne stanowi\u0142y istotny element codzienno\u015bci, wyznaczaj\u0105c rytm roku oraz&#8230;<\/p>\n\t<\/div><!-- .entry-summary -->\n\t<footer class=\"entry-footer\">\n\t\t\t<div class=\"entry-actions\">\n\t\t\t<p class=\"more-link-wrap\">\n\t\t\t\t<a href=\"https:\/\/pamiec81.pl\/index.php\/dni-wolne-i-swieta-w-prl-obchody-i-tradycje\/\" class=\"post-more-link\">\n\t\t\t\t\tCzytaj wi\u0119cej<span class=\"screen-reader-text\"> Dni wolne i \u015bwi\u0119ta w PRL \u2013 obchody i tradycje<\/span><span class=\"kadence-svg-iconset svg-baseline\"><svg aria-hidden=\"true\" class=\"kadence-svg-icon kadence-arrow-right-alt-svg\" fill=\"currentColor\" version=\"1.1\" xmlns=\"http:\/\/www.w3.org\/2000\/svg\" width=\"27\" height=\"28\" viewBox=\"0 0 27 28\"><title>Kontynuuj<\/title><path d=\"M27 13.953c0 0.141-0.063 0.281-0.156 0.375l-6 5.531c-0.156 0.141-0.359 0.172-0.547 0.094-0.172-0.078-0.297-0.25-0.297-0.453v-3.5h-19.5c-0.281 0-0.5-0.219-0.5-0.5v-3c0-0.281 0.219-0.5 0.5-0.5h19.5v-3.5c0-0.203 0.109-0.375 0.297-0.453s0.391-0.047 0.547 0.078l6 5.469c0.094 0.094 0.156 0.219 0.156 0.359v0z\"><\/path>\n\t\t\t<\/svg><\/span>\t\t\t\t<\/a>\n\t\t\t<\/p>\n\t\t<\/div><!-- .entry-actions -->\n\t\t<\/footer><!-- .entry-footer -->\t\t<\/div>\n\t<\/article>\n<\/li>\n<li class=\"kb-post-list-item\">\n\t<article class=\"entry content-bg loop-entry post-1625 post type-post status-publish format-standard has-post-thumbnail hentry category-historia\">\n\t\t\t\t<a aria-hidden=\"true\" tabindex=\"-1\" role=\"presentation\" class=\"post-thumbnail kadence-thumbnail-ratio-2-3\" href=\"https:\/\/pamiec81.pl\/index.php\/zwiazki-zawodowe-w-prl-rola-dzialania-i-znaczenie\/\" aria-label=\"Zwi\u0105zki zawodowe w PRL \u2013 rola, dzia\u0142ania i znaczenie\">\n\t\t\t<div class=\"post-thumbnail-inner\">\n\t\t\t\t<img loading=\"lazy\" decoding=\"async\" width=\"768\" height=\"576\" src=\"https:\/\/pamiec81.pl\/wp-content\/uploads\/2025\/08\/Zwiazki-zawodowe-w-PRL-\u2013-rola-dzialania-i-znaczenie-768x576.jpg\" class=\"attachment-medium_large size-medium_large wp-post-image\" alt=\"Zwi\u0105zki zawodowe w PRL \u2013 rola, dzia\u0142ania i znaczenie\" srcset=\"https:\/\/pamiec81.pl\/wp-content\/uploads\/2025\/08\/Zwiazki-zawodowe-w-PRL-\u2013-rola-dzialania-i-znaczenie-768x576.jpg 768w, https:\/\/pamiec81.pl\/wp-content\/uploads\/2025\/08\/Zwiazki-zawodowe-w-PRL-\u2013-rola-dzialania-i-znaczenie-300x225.jpg 300w, https:\/\/pamiec81.pl\/wp-content\/uploads\/2025\/08\/Zwiazki-zawodowe-w-PRL-\u2013-rola-dzialania-i-znaczenie-1024x768.jpg 1024w, https:\/\/pamiec81.pl\/wp-content\/uploads\/2025\/08\/Zwiazki-zawodowe-w-PRL-\u2013-rola-dzialania-i-znaczenie.jpg 1080w\" sizes=\"auto, (max-width: 768px) 100vw, 768px\" \/>\t\t\t<\/div>\n\t\t<\/a><!-- .post-thumbnail -->\n\t\t\t\t<div class=\"entry-content-wrap\">\n\t\t\t<header class=\"entry-header\">\n\t<h2 class=\"entry-title\"><a href=\"https:\/\/pamiec81.pl\/index.php\/zwiazki-zawodowe-w-prl-rola-dzialania-i-znaczenie\/\" rel=\"bookmark\">Zwi\u0105zki zawodowe w PRL \u2013 rola, dzia\u0142ania i znaczenie<\/a><\/h2><\/header><!-- .entry-header -->\n\t<div class=\"entry-summary\">\n\t\t<p>Zwi\u0105zki zawodowe w PRL pe\u0142ni\u0142y wyj\u0105tkow\u0105 rol\u0119 w \u017cyciu spo\u0142ecznym i gospodarczym Polski Ludowej, b\u0119d\u0105c zar\u00f3wno narz\u0119dziem polityki pa\u0144stwa, jak i aren\u0105 walki o prawa pracownicze. Ich dzia\u0142alno\u015b\u0107 odzwierciedla\u0142a napi\u0119cia mi\u0119dzy oficjaln\u0105 ideologi\u0105 a codziennymi realiami \u017cycia w systemie centralnie sterowanym. Kontekst historyczny i codzienno\u015b\u0107 Po II wojnie \u015bwiatowej Polska znalaz\u0142a si\u0119 w strefie wp\u0142yw\u00f3w&#8230;<\/p>\n\t<\/div><!-- .entry-summary -->\n\t<footer class=\"entry-footer\">\n\t\t\t<div class=\"entry-actions\">\n\t\t\t<p class=\"more-link-wrap\">\n\t\t\t\t<a href=\"https:\/\/pamiec81.pl\/index.php\/zwiazki-zawodowe-w-prl-rola-dzialania-i-znaczenie\/\" class=\"post-more-link\">\n\t\t\t\t\tCzytaj wi\u0119cej<span class=\"screen-reader-text\"> Zwi\u0105zki zawodowe w PRL \u2013 rola, dzia\u0142ania i znaczenie<\/span><span class=\"kadence-svg-iconset svg-baseline\"><svg aria-hidden=\"true\" class=\"kadence-svg-icon kadence-arrow-right-alt-svg\" fill=\"currentColor\" version=\"1.1\" xmlns=\"http:\/\/www.w3.org\/2000\/svg\" width=\"27\" height=\"28\" viewBox=\"0 0 27 28\"><title>Kontynuuj<\/title><path d=\"M27 13.953c0 0.141-0.063 0.281-0.156 0.375l-6 5.531c-0.156 0.141-0.359 0.172-0.547 0.094-0.172-0.078-0.297-0.25-0.297-0.453v-3.5h-19.5c-0.281 0-0.5-0.219-0.5-0.5v-3c0-0.281 0.219-0.5 0.5-0.5h19.5v-3.5c0-0.203 0.109-0.375 0.297-0.453s0.391-0.047 0.547 0.078l6 5.469c0.094 0.094 0.156 0.219 0.156 0.359v0z\"><\/path>\n\t\t\t<\/svg><\/span>\t\t\t\t<\/a>\n\t\t\t<\/p>\n\t\t<\/div><!-- .entry-actions -->\n\t\t<\/footer><!-- .entry-footer -->\t\t<\/div>\n\t<\/article>\n<\/li>\n<li class=\"kb-post-list-item\">\n\t<article class=\"entry content-bg loop-entry post-1623 post type-post status-publish format-standard has-post-thumbnail hentry category-media-i-literatura\">\n\t\t\t\t<a aria-hidden=\"true\" tabindex=\"-1\" role=\"presentation\" class=\"post-thumbnail kadence-thumbnail-ratio-2-3\" href=\"https:\/\/pamiec81.pl\/index.php\/teleturnieje-w-prl-rozrywka-w-czasach-ograniczen\/\" aria-label=\"Teleturnieje w PRL \u2013 rozrywka w czasach ogranicze\u0144\">\n\t\t\t<div class=\"post-thumbnail-inner\">\n\t\t\t\t<img loading=\"lazy\" decoding=\"async\" width=\"768\" height=\"512\" src=\"https:\/\/pamiec81.pl\/wp-content\/uploads\/2025\/08\/Teleturnieje-w-PRL-\u2013-rozrywka-w-czasach-ograniczen-768x512.jpg\" class=\"attachment-medium_large size-medium_large wp-post-image\" alt=\"Teleturnieje w PRL \u2013 rozrywka w czasach ogranicze\u0144\" srcset=\"https:\/\/pamiec81.pl\/wp-content\/uploads\/2025\/08\/Teleturnieje-w-PRL-\u2013-rozrywka-w-czasach-ograniczen-768x512.jpg 768w, https:\/\/pamiec81.pl\/wp-content\/uploads\/2025\/08\/Teleturnieje-w-PRL-\u2013-rozrywka-w-czasach-ograniczen-300x200.jpg 300w, https:\/\/pamiec81.pl\/wp-content\/uploads\/2025\/08\/Teleturnieje-w-PRL-\u2013-rozrywka-w-czasach-ograniczen-1024x683.jpg 1024w, https:\/\/pamiec81.pl\/wp-content\/uploads\/2025\/08\/Teleturnieje-w-PRL-\u2013-rozrywka-w-czasach-ograniczen.jpg 1080w\" sizes=\"auto, (max-width: 768px) 100vw, 768px\" \/>\t\t\t<\/div>\n\t\t<\/a><!-- .post-thumbnail -->\n\t\t\t\t<div class=\"entry-content-wrap\">\n\t\t\t<header class=\"entry-header\">\n\t<h2 class=\"entry-title\"><a href=\"https:\/\/pamiec81.pl\/index.php\/teleturnieje-w-prl-rozrywka-w-czasach-ograniczen\/\" rel=\"bookmark\">Teleturnieje w PRL \u2013 rozrywka w czasach ogranicze\u0144<\/a><\/h2><\/header><!-- .entry-header -->\n\t<div class=\"entry-summary\">\n\t\t<p>Teleturnieje PRL by\u0142y jednym z najwa\u017cniejszych element\u00f3w rozrywki telewizyjnej w Polsce Ludowej, stanowi\u0105c dla wielu rodzin okno na \u015bwiat i odskoczni\u0119 od szarej codzienno\u015bci. W realiach niedobor\u00f3w, cenzury i ograniczonego dost\u0119pu do informacji, programy tego typu pe\u0142ni\u0142y rol\u0119 nie tylko edukacyjn\u0105, ale i integruj\u0105c\u0105 spo\u0142ecze\u0144stwo. Kontekst historyczny i codzienno\u015b\u0107 W czasach PRL-u \u017cycie codzienne Polak\u00f3w&#8230;<\/p>\n\t<\/div><!-- .entry-summary -->\n\t<footer class=\"entry-footer\">\n\t\t\t<div class=\"entry-actions\">\n\t\t\t<p class=\"more-link-wrap\">\n\t\t\t\t<a href=\"https:\/\/pamiec81.pl\/index.php\/teleturnieje-w-prl-rozrywka-w-czasach-ograniczen\/\" class=\"post-more-link\">\n\t\t\t\t\tCzytaj wi\u0119cej<span class=\"screen-reader-text\"> Teleturnieje w PRL \u2013 rozrywka w czasach ogranicze\u0144<\/span><span class=\"kadence-svg-iconset svg-baseline\"><svg aria-hidden=\"true\" class=\"kadence-svg-icon kadence-arrow-right-alt-svg\" fill=\"currentColor\" version=\"1.1\" xmlns=\"http:\/\/www.w3.org\/2000\/svg\" width=\"27\" height=\"28\" viewBox=\"0 0 27 28\"><title>Kontynuuj<\/title><path d=\"M27 13.953c0 0.141-0.063 0.281-0.156 0.375l-6 5.531c-0.156 0.141-0.359 0.172-0.547 0.094-0.172-0.078-0.297-0.25-0.297-0.453v-3.5h-19.5c-0.281 0-0.5-0.219-0.5-0.5v-3c0-0.281 0.219-0.5 0.5-0.5h19.5v-3.5c0-0.203 0.109-0.375 0.297-0.453s0.391-0.047 0.547 0.078l6 5.469c0.094 0.094 0.156 0.219 0.156 0.359v0z\"><\/path>\n\t\t\t<\/svg><\/span>\t\t\t\t<\/a>\n\t\t\t<\/p>\n\t\t<\/div><!-- .entry-actions -->\n\t\t<\/footer><!-- .entry-footer -->\t\t<\/div>\n\t<\/article>\n<\/li>\n<li class=\"kb-post-list-item\">\n\t<article class=\"entry content-bg loop-entry post-1621 post type-post status-publish format-standard has-post-thumbnail hentry category-zycie-codzienne\">\n\t\t\t\t<a aria-hidden=\"true\" tabindex=\"-1\" role=\"presentation\" class=\"post-thumbnail kadence-thumbnail-ratio-2-3\" href=\"https:\/\/pamiec81.pl\/index.php\/prywatny-biznes-w-prl-prywaciarze-sukcesy-i-bariery\/\" aria-label=\"Prywatny biznes w PRL \u2013 prywaciarze, sukcesy i bariery\">\n\t\t\t<div class=\"post-thumbnail-inner\">\n\t\t\t\t<img loading=\"lazy\" decoding=\"async\" width=\"768\" height=\"512\" src=\"https:\/\/pamiec81.pl\/wp-content\/uploads\/2025\/08\/Prywatny-biznes-w-PRL-\u2013-prywaciarze-sukcesy-i-bariery-768x512.jpg\" class=\"attachment-medium_large size-medium_large wp-post-image\" alt=\"Prywatny biznes w PRL \u2013 prywaciarze, sukcesy i bariery\" srcset=\"https:\/\/pamiec81.pl\/wp-content\/uploads\/2025\/08\/Prywatny-biznes-w-PRL-\u2013-prywaciarze-sukcesy-i-bariery-768x512.jpg 768w, https:\/\/pamiec81.pl\/wp-content\/uploads\/2025\/08\/Prywatny-biznes-w-PRL-\u2013-prywaciarze-sukcesy-i-bariery-300x200.jpg 300w, https:\/\/pamiec81.pl\/wp-content\/uploads\/2025\/08\/Prywatny-biznes-w-PRL-\u2013-prywaciarze-sukcesy-i-bariery-1024x683.jpg 1024w, https:\/\/pamiec81.pl\/wp-content\/uploads\/2025\/08\/Prywatny-biznes-w-PRL-\u2013-prywaciarze-sukcesy-i-bariery.jpg 1080w\" sizes=\"auto, (max-width: 768px) 100vw, 768px\" \/>\t\t\t<\/div>\n\t\t<\/a><!-- .post-thumbnail -->\n\t\t\t\t<div class=\"entry-content-wrap\">\n\t\t\t<header class=\"entry-header\">\n\t<h2 class=\"entry-title\"><a href=\"https:\/\/pamiec81.pl\/index.php\/prywatny-biznes-w-prl-prywaciarze-sukcesy-i-bariery\/\" rel=\"bookmark\">Prywatny biznes w PRL \u2013 prywaciarze, sukcesy i bariery<\/a><\/h2><\/header><!-- .entry-header -->\n\t<div class=\"entry-summary\">\n\t\t<p>Prywatny biznes PRL by\u0142 zjawiskiem wyj\u0105tkowym w scentralizowanej i reglamentowanej gospodarce Polski Ludowej. Prywaciarze PRL, prowadz\u0105c w\u0142asn\u0105 dzia\u0142alno\u015b\u0107, mierzyli si\u0119 z barierami administracyjnymi i spo\u0142ecznymi, ale te\u017c odgrywali istotn\u0105 rol\u0119 w codziennym \u017cyciu spo\u0142ecze\u0144stwa. Ich obecno\u015b\u0107 by\u0142a zar\u00f3wno przejawem przedsi\u0119biorczo\u015bci, jak i \u015bwiadectwem niedostatk\u00f3w gospodarki planowej. Kontekst historyczny i codzienno\u015b\u0107 W powojennej Polsce, szczeg\u00f3lnie od&#8230;<\/p>\n\t<\/div><!-- .entry-summary -->\n\t<footer class=\"entry-footer\">\n\t\t\t<div class=\"entry-actions\">\n\t\t\t<p class=\"more-link-wrap\">\n\t\t\t\t<a href=\"https:\/\/pamiec81.pl\/index.php\/prywatny-biznes-w-prl-prywaciarze-sukcesy-i-bariery\/\" class=\"post-more-link\">\n\t\t\t\t\tCzytaj wi\u0119cej<span class=\"screen-reader-text\"> Prywatny biznes w PRL \u2013 prywaciarze, sukcesy i bariery<\/span><span class=\"kadence-svg-iconset svg-baseline\"><svg aria-hidden=\"true\" class=\"kadence-svg-icon kadence-arrow-right-alt-svg\" fill=\"currentColor\" version=\"1.1\" xmlns=\"http:\/\/www.w3.org\/2000\/svg\" width=\"27\" height=\"28\" viewBox=\"0 0 27 28\"><title>Kontynuuj<\/title><path d=\"M27 13.953c0 0.141-0.063 0.281-0.156 0.375l-6 5.531c-0.156 0.141-0.359 0.172-0.547 0.094-0.172-0.078-0.297-0.25-0.297-0.453v-3.5h-19.5c-0.281 0-0.5-0.219-0.5-0.5v-3c0-0.281 0.219-0.5 0.5-0.5h19.5v-3.5c0-0.203 0.109-0.375 0.297-0.453s0.391-0.047 0.547 0.078l6 5.469c0.094 0.094 0.156 0.219 0.156 0.359v0z\"><\/path>\n\t\t\t<\/svg><\/span>\t\t\t\t<\/a>\n\t\t\t<\/p>\n\t\t<\/div><!-- .entry-actions -->\n\t\t<\/footer><!-- .entry-footer -->\t\t<\/div>\n\t<\/article>\n<\/li>\n<\/ul><\/div><\/div>\n\n<\/div><\/div>\n\n<style>.kb-row-layout-id1334_8b4531-d7 > .kt-row-column-wrap{align-content:start;}:where(.kb-row-layout-id1334_8b4531-d7 > .kt-row-column-wrap) > .wp-block-kadence-column{justify-content:start;}.kb-row-layout-id1334_8b4531-d7 > .kt-row-column-wrap{column-gap:80px;row-gap:var(--global-kb-gap-md, 2rem);max-width:var( --global-content-width, 1290px );padding-left:var(--global-content-edge-padding);padding-right:var(--global-content-edge-padding);padding-top:80px;padding-bottom:80px;grid-template-columns:repeat(2, minmax(0, 1fr));}.kb-row-layout-id1334_8b4531-d7{background-image:url('https:\/\/pamiec81.pl\/wp-content\/uploads\/2024\/10\/shutterstock_430360183.jpg');background-size:cover;background-position:15% 50%;background-attachment:fixed;background-repeat:no-repeat;}.kb-row-layout-id1334_8b4531-d7 > .kt-row-layout-overlay{opacity:0.80;background-color:var(--global-palette3, #1A202C);}@media all and (max-width: 1024px), only screen and (min-device-width: 1024px) and (max-device-width: 1366px) and (-webkit-min-device-pixel-ratio: 2) and (hover: none){.kb-row-layout-id1334_8b4531-d7{background-attachment:scroll;}}@media all and (max-width: 1024px){.kb-row-layout-id1334_8b4531-d7 > .kt-row-column-wrap{grid-template-columns:minmax(0, 1fr);}}@media all and (max-width: 767px){.kb-row-layout-id1334_8b4531-d7 > .kt-row-column-wrap{grid-template-columns:minmax(0, 1fr);}}<\/style><div class=\"kb-row-layout-wrap kb-row-layout-id1334_8b4531-d7 alignnone kt-row-has-bg wp-block-kadence-rowlayout\"><div class=\"kt-row-layout-overlay kt-row-overlay-normal\"><\/div><div class=\"kt-row-column-wrap kt-has-2-columns kt-row-layout-equal kt-tab-layout-row kt-mobile-layout-row kt-row-valign-top kb-theme-content-width\">\n<style>.kadence-column1334_7f569c-40 > .kt-inside-inner-col{display:flex;}.kadence-column1334_7f569c-40 > .kt-inside-inner-col,.kadence-column1334_7f569c-40 > .kt-inside-inner-col:before{border-top-left-radius:0px;border-top-right-radius:0px;border-bottom-right-radius:0px;border-bottom-left-radius:0px;}.kadence-column1334_7f569c-40 > .kt-inside-inner-col{column-gap:var(--global-kb-gap-sm, 1rem);}.kadence-column1334_7f569c-40 > .kt-inside-inner-col{flex-direction:column;justify-content:center;}.kadence-column1334_7f569c-40 > .kt-inside-inner-col > .aligncenter{width:100%;}.kt-row-column-wrap > .kadence-column1334_7f569c-40{align-self:center;}.kt-inner-column-height-full:not(.kt-has-1-columns) > .wp-block-kadence-column.kadence-column1334_7f569c-40{align-self:auto;}.kt-inner-column-height-full:not(.kt-has-1-columns) > .wp-block-kadence-column.kadence-column1334_7f569c-40 > .kt-inside-inner-col{flex-direction:column;justify-content:center;}.kadence-column1334_7f569c-40 > .kt-inside-inner-col:before{opacity:0.3;}.kadence-column1334_7f569c-40{position:relative;}@media all and (max-width: 1024px){.kt-row-column-wrap > .kadence-column1334_7f569c-40{align-self:center;}}@media all and (max-width: 1024px){.kt-inner-column-height-full:not(.kt-has-1-columns) > .wp-block-kadence-column.kadence-column1334_7f569c-40{align-self:auto;}}@media all and (max-width: 1024px){.kt-inner-column-height-full:not(.kt-has-1-columns) > .wp-block-kadence-column.kadence-column1334_7f569c-40 > .kt-inside-inner-col{flex-direction:column;justify-content:center;}}@media all and (max-width: 1024px){.kadence-column1334_7f569c-40 > .kt-inside-inner-col{flex-direction:column;justify-content:center;}}@media all and (max-width: 767px){.kt-row-column-wrap > .kadence-column1334_7f569c-40{align-self:center;}.kt-inner-column-height-full:not(.kt-has-1-columns) > .wp-block-kadence-column.kadence-column1334_7f569c-40{align-self:auto;}.kt-inner-column-height-full:not(.kt-has-1-columns) > .wp-block-kadence-column.kadence-column1334_7f569c-40 > .kt-inside-inner-col{flex-direction:column;justify-content:center;}.kadence-column1334_7f569c-40 > .kt-inside-inner-col{flex-direction:column;justify-content:center;}}<\/style>\n<div class=\"wp-block-kadence-column kadence-column1334_7f569c-40 inner-column-1\"><div class=\"kt-inside-inner-col\"><style>.wp-block-kadence-advancedheading.kt-adv-heading1334_91c556-35, .wp-block-kadence-advancedheading.kt-adv-heading1334_91c556-35[data-kb-block=\"kb-adv-heading1334_91c556-35\"]{font-style:normal;}.wp-block-kadence-advancedheading.kt-adv-heading1334_91c556-35 mark.kt-highlight, .wp-block-kadence-advancedheading.kt-adv-heading1334_91c556-35[data-kb-block=\"kb-adv-heading1334_91c556-35\"] mark.kt-highlight{font-style:normal;color:#f76a0c;-webkit-box-decoration-break:clone;box-decoration-break:clone;padding-top:0px;padding-right:0px;padding-bottom:0px;padding-left:0px;}.wp-block-kadence-advancedheading.kt-adv-heading1334_91c556-35 img.kb-inline-image, .wp-block-kadence-advancedheading.kt-adv-heading1334_91c556-35[data-kb-block=\"kb-adv-heading1334_91c556-35\"] img.kb-inline-image{width:150px;vertical-align:baseline;}<\/style>\n<h6 class=\"kt-adv-heading1334_91c556-35 wp-block-kadence-advancedheading has-theme-palette-9-color has-text-color\" data-kb-block=\"kb-adv-heading1334_91c556-35\">Historia<\/h6>\n\n\n<style>.wp-block-kadence-advancedheading.kt-adv-heading1334_107cc8-3f, .wp-block-kadence-advancedheading.kt-adv-heading1334_107cc8-3f[data-kb-block=\"kb-adv-heading1334_107cc8-3f\"]{font-style:normal;}.wp-block-kadence-advancedheading.kt-adv-heading1334_107cc8-3f mark.kt-highlight, .wp-block-kadence-advancedheading.kt-adv-heading1334_107cc8-3f[data-kb-block=\"kb-adv-heading1334_107cc8-3f\"] mark.kt-highlight{font-style:normal;color:#f76a0c;-webkit-box-decoration-break:clone;box-decoration-break:clone;padding-top:0px;padding-right:0px;padding-bottom:0px;padding-left:0px;}.wp-block-kadence-advancedheading.kt-adv-heading1334_107cc8-3f img.kb-inline-image, .wp-block-kadence-advancedheading.kt-adv-heading1334_107cc8-3f[data-kb-block=\"kb-adv-heading1334_107cc8-3f\"] img.kb-inline-image{width:150px;vertical-align:baseline;}@media all and (max-width: 767px){.wp-block-kadence-advancedheading.kt-adv-heading1334_107cc8-3f, .wp-block-kadence-advancedheading.kt-adv-heading1334_107cc8-3f[data-kb-block=\"kb-adv-heading1334_107cc8-3f\"]{font-size:28px;}}<\/style>\n<h2 class=\"kt-adv-heading1334_107cc8-3f wp-block-kadence-advancedheading has-theme-palette-9-color has-text-color\" data-kb-block=\"kb-adv-heading1334_107cc8-3f\">Kluczowe wydarzenie <br>w historii PRL<\/h2>\n\n\n<style>.wp-block-kadence-advancedheading.kt-adv-heading1334_4c3e2c-90, .wp-block-kadence-advancedheading.kt-adv-heading1334_4c3e2c-90[data-kb-block=\"kb-adv-heading1334_4c3e2c-90\"]{font-style:normal;}.wp-block-kadence-advancedheading.kt-adv-heading1334_4c3e2c-90 mark.kt-highlight, .wp-block-kadence-advancedheading.kt-adv-heading1334_4c3e2c-90[data-kb-block=\"kb-adv-heading1334_4c3e2c-90\"] mark.kt-highlight{font-style:normal;color:#f76a0c;-webkit-box-decoration-break:clone;box-decoration-break:clone;padding-top:0px;padding-right:0px;padding-bottom:0px;padding-left:0px;}.wp-block-kadence-advancedheading.kt-adv-heading1334_4c3e2c-90 img.kb-inline-image, .wp-block-kadence-advancedheading.kt-adv-heading1334_4c3e2c-90[data-kb-block=\"kb-adv-heading1334_4c3e2c-90\"] img.kb-inline-image{width:150px;vertical-align:baseline;}<\/style>\n<p class=\"kt-adv-heading1334_4c3e2c-90 wp-block-kadence-advancedheading has-theme-palette-9-color has-text-color\" data-kb-block=\"kb-adv-heading1334_4c3e2c-90\">Stan wojenny w Polsce (1981\u20131983) by\u0142 represj\u0105 komunistycznej w\u0142adzy wobec &#8222;Solidarno\u015bci&#8221; i opozycji, zmieniaj\u0105c losy kraju na lata.<\/p>\n\n\n<style>.wp-block-kadence-advancedbtn.kb-btns1334_00d524-45{gap:var(--global-kb-gap-xs, 0.5rem );justify-content:flex-start;align-items:center;}.kt-btns1334_00d524-45 .kt-button{font-weight:normal;font-style:normal;}@media all and (max-width: 767px){.wp-block-kadence-advancedbtn.kb-btns1334_00d524-45{justify-content:flex-start;align-items:flex-end;}}<\/style>\n<div class=\"wp-block-kadence-advancedbtn kb-buttons-wrap kb-btns1334_00d524-45\"><style>ul.menu .wp-block-kadence-advancedbtn .kb-btn1334_e43c3b-66.kb-button{width:initial;}<\/style><a class=\"kb-button kt-button button kb-btn1334_e43c3b-66 kt-btn-size-standard kt-btn-width-type-auto kb-btn-global-inherit  kt-btn-has-text-true kt-btn-has-svg-false  wp-block-button__link wp-block-kadence-singlebtn\" href=\"https:\/\/pamiec81.pl\/index.php\/publicystyka\/historia\/\"><span class=\"kt-btn-inner-text\">Czytaj wi\u0119cej<\/span><\/a><\/div>\n<\/div><\/div>\n\n\n<style>.kadence-column1334_e54dba-a0 > .kt-inside-inner-col,.kadence-column1334_e54dba-a0 > .kt-inside-inner-col:before{border-top-left-radius:0px;border-top-right-radius:0px;border-bottom-right-radius:0px;border-bottom-left-radius:0px;}.kadence-column1334_e54dba-a0 > .kt-inside-inner-col{column-gap:var(--global-kb-gap-sm, 1rem);}.kadence-column1334_e54dba-a0 > .kt-inside-inner-col{flex-direction:column;}.kadence-column1334_e54dba-a0 > .kt-inside-inner-col > .aligncenter{width:100%;}.kadence-column1334_e54dba-a0 > .kt-inside-inner-col:before{opacity:0.3;}.kadence-column1334_e54dba-a0{position:relative;}@media all and (max-width: 1024px){.kadence-column1334_e54dba-a0 > .kt-inside-inner-col{flex-direction:column;justify-content:center;}}@media all and (max-width: 767px){.kadence-column1334_e54dba-a0 > .kt-inside-inner-col{flex-direction:column;justify-content:center;}}<\/style>\n<div class=\"wp-block-kadence-column kadence-column1334_e54dba-a0 inner-column-2\"><div class=\"kt-inside-inner-col\"><style>.kb-row-layout-id1334_9ceee9-e9 > .kt-row-column-wrap{align-content:start;}:where(.kb-row-layout-id1334_9ceee9-e9 > .kt-row-column-wrap) > .wp-block-kadence-column{justify-content:start;}.kb-row-layout-id1334_9ceee9-e9 > .kt-row-column-wrap{column-gap:var(--global-kb-gap-md, 2rem);row-gap:var(--global-kb-gap-md, 2rem);padding-top:var(--global-kb-spacing-sm, 1.5rem);padding-bottom:var(--global-kb-spacing-sm, 1.5rem);grid-template-columns:repeat(2, minmax(0, 1fr));}.kb-row-layout-id1334_9ceee9-e9 > .kt-row-layout-overlay{opacity:0.30;}@media all and (max-width: 1024px){.kb-row-layout-id1334_9ceee9-e9 > .kt-row-column-wrap{grid-template-columns:repeat(2, minmax(0, 1fr));}}@media all and (max-width: 767px){.kb-row-layout-id1334_9ceee9-e9 > .kt-row-column-wrap{grid-template-columns:minmax(0, 1fr);}}<\/style><div class=\"kb-row-layout-wrap kb-row-layout-id1334_9ceee9-e9 alignnone wp-block-kadence-rowlayout\"><div class=\"kt-row-column-wrap kt-has-2-columns kt-row-layout-equal kt-tab-layout-inherit kt-mobile-layout-row kt-row-valign-top\">\n<style>.kadence-column1334_a9a5c8-1c > .kt-inside-inner-col{display:flex;}.kadence-column1334_a9a5c8-1c > .kt-inside-inner-col,.kadence-column1334_a9a5c8-1c > .kt-inside-inner-col:before{border-top-left-radius:0px;border-top-right-radius:0px;border-bottom-right-radius:0px;border-bottom-left-radius:0px;}.kadence-column1334_a9a5c8-1c > .kt-inside-inner-col{column-gap:var(--global-kb-gap-sm, 1rem);}.kadence-column1334_a9a5c8-1c > .kt-inside-inner-col{flex-direction:row;flex-wrap:wrap;align-items:center;}.kadence-column1334_a9a5c8-1c > .kt-inside-inner-col > *, .kadence-column1334_a9a5c8-1c > .kt-inside-inner-col > figure.wp-block-image, .kadence-column1334_a9a5c8-1c > .kt-inside-inner-col > figure.wp-block-kadence-image{margin-top:0px;margin-bottom:0px;}.kadence-column1334_a9a5c8-1c > .kt-inside-inner-col > .kb-image-is-ratio-size{flex-grow:1;}.kadence-column1334_a9a5c8-1c > .kt-inside-inner-col:before{opacity:0.3;}.kadence-column1334_a9a5c8-1c{position:relative;}@media all and (max-width: 1024px){.kadence-column1334_a9a5c8-1c > .kt-inside-inner-col{flex-direction:row;flex-wrap:wrap;align-items:center;}}@media all and (min-width: 768px) and (max-width: 1024px){.kadence-column1334_a9a5c8-1c > .kt-inside-inner-col > *, .kadence-column1334_a9a5c8-1c > .kt-inside-inner-col > figure.wp-block-image, .kadence-column1334_a9a5c8-1c > .kt-inside-inner-col > figure.wp-block-kadence-image{margin-top:0px;margin-bottom:0px;}.kadence-column1334_a9a5c8-1c > .kt-inside-inner-col > .kb-image-is-ratio-size{flex-grow:1;}}@media all and (max-width: 767px){.kadence-column1334_a9a5c8-1c > .kt-inside-inner-col{flex-direction:row;flex-wrap:wrap;justify-content:flex-start;}.kadence-column1334_a9a5c8-1c > .kt-inside-inner-col > *, .kadence-column1334_a9a5c8-1c > .kt-inside-inner-col > figure.wp-block-image, .kadence-column1334_a9a5c8-1c > .kt-inside-inner-col > figure.wp-block-kadence-image{margin-top:0px;margin-bottom:0px;}.kadence-column1334_a9a5c8-1c > .kt-inside-inner-col > .kb-image-is-ratio-size{flex-grow:1;}}<\/style>\n<div class=\"wp-block-kadence-column kadence-column1334_a9a5c8-1c kb-section-dir-horizontal inner-column-1\"><div class=\"kt-inside-inner-col\"><style>.wp-block-kadence-column.kb-section-dir-horizontal > .kt-inside-inner-col > .kt-info-box1334_4a83f4-6a .kt-blocks-info-box-link-wrap{max-width:unset;}.kt-info-box1334_4a83f4-6a .kt-blocks-info-box-link-wrap{border-top-left-radius:0px;border-top-right-radius:0px;border-bottom-right-radius:0px;border-bottom-left-radius:0px;background:rgba(242, 242, 242, 0);padding-top:0px;padding-right:0px;padding-bottom:0px;padding-left:0px;margin-bottom:80px;}.kt-info-box1334_4a83f4-6a .kt-blocks-info-box-link-wrap:hover{background:rgba(242, 242, 242, 0);}.kt-info-box1334_4a83f4-6a .kadence-info-box-icon-container .kt-info-svg-icon, .kt-info-box1334_4a83f4-6a .kt-info-svg-icon-flip, .kt-info-box1334_4a83f4-6a .kt-blocks-info-box-number{font-size:22px;}.kt-info-box1334_4a83f4-6a .kt-blocks-info-box-media{color:#e32929;background:var(--global-palette9, #ffffff);border-color:#444444;border-radius:50px;overflow:hidden;border-top-width:0px;border-right-width:0px;border-bottom-width:0px;border-left-width:0px;padding-top:13px;padding-right:15px;padding-bottom:13px;padding-left:15px;}.kt-info-box1334_4a83f4-6a .kt-blocks-info-box-media-container{margin-top:0px;margin-right:0px;margin-bottom:0px;margin-left:0px;}.kt-info-box1334_4a83f4-6a .kt-blocks-info-box-media .kadence-info-box-image-intrisic img{border-radius:50px;}.kt-info-box1334_4a83f4-6a .kt-blocks-info-box-link-wrap:hover .kt-blocks-info-box-media{color:#e32929;background:var(--global-palette9, #ffffff);border-color:#444444;}.kt-info-box1334_4a83f4-6a .kt-infobox-textcontent h5.kt-blocks-info-box-title{color:var(--global-palette9, #ffffff);padding-top:0px;padding-right:0px;padding-bottom:0px;padding-left:0px;margin-top:5px;margin-right:0px;margin-bottom:10px;margin-left:0px;}.kt-info-box1334_4a83f4-6a .kt-infobox-textcontent .kt-blocks-info-box-text{color:var(--global-palette9, #ffffff);}.kt-info-box1334_4a83f4-6a .kt-blocks-info-box-learnmore{background:transparent;border-color:#555555;border-width:0px 0px 0px 0px;padding-top:4px;padding-right:8px;padding-bottom:4px;padding-left:8px;margin-top:10px;margin-right:0px;margin-bottom:10px;margin-left:0px;}.kt-info-box1334_4a83f4-6a .kt-blocks-info-box-link-wrap:hover .kt-blocks-info-box-learnmore,.kt-info-box1334_4a83f4-6a .kt-blocks-info-box-link-wrap .kt-blocks-info-box-learnmore:focus{color:#ffffff;background:#444444;border-color:#444444;}<\/style>\n<div class=\"wp-block-kadence-infobox kt-info-box1334_4a83f4-6a\"><div class=\"kt-blocks-info-box-link-wrap kt-blocks-info-box-media-align-top kt-info-halign-left\"><div class=\"kt-infobox-textcontent\"><h5 class=\"kt-blocks-info-box-title\">Wprowadzenie stanu wojennego<\/h5><p class=\"kt-blocks-info-box-text\">13 grudnia 1981 &#8211; Genera\u0142 Wojciech Jaruzelski og\u0142osi\u0142 stan wojenny, t\u0142umi\u0105c dzia\u0142alno\u015b\u0107 opozycji i &#8222;Solidarno\u015bci.&#8221;<\/p><\/div><\/div><\/div>\n\n\n<style>.wp-block-kadence-column.kb-section-dir-horizontal > .kt-inside-inner-col > .kt-info-box1334_b7e52f-33 .kt-blocks-info-box-link-wrap{max-width:unset;}.kt-info-box1334_b7e52f-33 .kt-blocks-info-box-link-wrap{border-top-left-radius:0px;border-top-right-radius:0px;border-bottom-right-radius:0px;border-bottom-left-radius:0px;background:rgba(242, 242, 242, 0);padding-top:0px;padding-right:0px;padding-bottom:0px;padding-left:0px;margin-bottom:80px;}.kt-info-box1334_b7e52f-33 .kt-blocks-info-box-link-wrap:hover{background:rgba(242, 242, 242, 0);}.kt-info-box1334_b7e52f-33 .kadence-info-box-icon-container .kt-info-svg-icon, .kt-info-box1334_b7e52f-33 .kt-info-svg-icon-flip, .kt-info-box1334_b7e52f-33 .kt-blocks-info-box-number{font-size:22px;}.kt-info-box1334_b7e52f-33 .kt-blocks-info-box-media{color:#19b34a;background:var(--global-palette9, #ffffff);border-color:#444444;border-radius:50px;overflow:hidden;border-top-width:0px;border-right-width:0px;border-bottom-width:0px;border-left-width:0px;padding-top:13px;padding-right:15px;padding-bottom:13px;padding-left:15px;}.kt-info-box1334_b7e52f-33 .kt-blocks-info-box-media-container{margin-top:0px;margin-right:0px;margin-bottom:0px;margin-left:0px;}.kt-info-box1334_b7e52f-33 .kt-blocks-info-box-media .kadence-info-box-image-intrisic img{border-radius:50px;}.kt-info-box1334_b7e52f-33 .kt-blocks-info-box-link-wrap:hover .kt-blocks-info-box-media{color:#19b34a;background:var(--global-palette9, #ffffff);border-color:#444444;}.kt-info-box1334_b7e52f-33 .kt-infobox-textcontent h5.kt-blocks-info-box-title{color:var(--global-palette9, #ffffff);padding-top:0px;padding-right:0px;padding-bottom:0px;padding-left:0px;margin-top:5px;margin-right:0px;margin-bottom:10px;margin-left:0px;}.kt-info-box1334_b7e52f-33 .kt-infobox-textcontent .kt-blocks-info-box-text{color:var(--global-palette9, #ffffff);}.kt-info-box1334_b7e52f-33 .kt-blocks-info-box-learnmore{background:transparent;border-color:#555555;border-width:0px 0px 0px 0px;padding-top:4px;padding-right:8px;padding-bottom:4px;padding-left:8px;margin-top:10px;margin-right:0px;margin-bottom:10px;margin-left:0px;}.kt-info-box1334_b7e52f-33 .kt-blocks-info-box-link-wrap:hover .kt-blocks-info-box-learnmore,.kt-info-box1334_b7e52f-33 .kt-blocks-info-box-link-wrap .kt-blocks-info-box-learnmore:focus{color:#ffffff;background:#444444;border-color:#444444;}<\/style>\n<div class=\"wp-block-kadence-infobox kt-info-box1334_b7e52f-33\"><div class=\"kt-blocks-info-box-link-wrap kt-blocks-info-box-media-align-top kt-info-halign-left\"><div class=\"kt-infobox-textcontent\"><h5 class=\"kt-blocks-info-box-title\">Zamro\u017cenie &#8222;Solidarno\u015bci&#8221;<\/h5><p class=\"kt-blocks-info-box-text\">&#8222;Solidarno\u015b\u0107&#8221; \u2013 pierwszy niezale\u017cny zwi\u0105zek zawodowy w bloku wschodnim \u2013 zosta\u0142a zdelegalizowana, os\u0142abiaj\u0105c ruch oporu.<\/p><\/div><\/div><\/div>\n<\/div><\/div>\n\n\n<style>.kadence-column1334_431fc5-5c > .kt-inside-inner-col{display:flex;}.kadence-column1334_431fc5-5c > .kt-inside-inner-col,.kadence-column1334_431fc5-5c > .kt-inside-inner-col:before{border-top-left-radius:0px;border-top-right-radius:0px;border-bottom-right-radius:0px;border-bottom-left-radius:0px;}.kadence-column1334_431fc5-5c > .kt-inside-inner-col{column-gap:var(--global-kb-gap-sm, 1rem);}.kadence-column1334_431fc5-5c > .kt-inside-inner-col{flex-direction:row;flex-wrap:wrap;align-items:center;}.kadence-column1334_431fc5-5c > .kt-inside-inner-col > *, .kadence-column1334_431fc5-5c > .kt-inside-inner-col > figure.wp-block-image, .kadence-column1334_431fc5-5c > .kt-inside-inner-col > figure.wp-block-kadence-image{margin-top:0px;margin-bottom:0px;}.kadence-column1334_431fc5-5c > .kt-inside-inner-col > .kb-image-is-ratio-size{flex-grow:1;}.kadence-column1334_431fc5-5c > .kt-inside-inner-col:before{opacity:0.3;}.kadence-column1334_431fc5-5c{position:relative;}@media all and (max-width: 1024px){.kadence-column1334_431fc5-5c > .kt-inside-inner-col{flex-direction:row;flex-wrap:wrap;align-items:center;}}@media all and (min-width: 768px) and (max-width: 1024px){.kadence-column1334_431fc5-5c > .kt-inside-inner-col > *, .kadence-column1334_431fc5-5c > .kt-inside-inner-col > figure.wp-block-image, .kadence-column1334_431fc5-5c > .kt-inside-inner-col > figure.wp-block-kadence-image{margin-top:0px;margin-bottom:0px;}.kadence-column1334_431fc5-5c > .kt-inside-inner-col > .kb-image-is-ratio-size{flex-grow:1;}}@media all and (max-width: 767px){.kadence-column1334_431fc5-5c > .kt-inside-inner-col{flex-direction:row;flex-wrap:wrap;justify-content:flex-start;}.kadence-column1334_431fc5-5c > .kt-inside-inner-col > *, .kadence-column1334_431fc5-5c > .kt-inside-inner-col > figure.wp-block-image, .kadence-column1334_431fc5-5c > .kt-inside-inner-col > figure.wp-block-kadence-image{margin-top:0px;margin-bottom:0px;}.kadence-column1334_431fc5-5c > .kt-inside-inner-col > .kb-image-is-ratio-size{flex-grow:1;}}<\/style>\n<div class=\"wp-block-kadence-column kadence-column1334_431fc5-5c kb-section-dir-horizontal inner-column-2\"><div class=\"kt-inside-inner-col\"><style>.wp-block-kadence-column.kb-section-dir-horizontal > .kt-inside-inner-col > .kt-info-box1334_eaf738-be .kt-blocks-info-box-link-wrap{max-width:unset;}.kt-info-box1334_eaf738-be .kt-blocks-info-box-link-wrap{border-top-left-radius:0px;border-top-right-radius:0px;border-bottom-right-radius:0px;border-bottom-left-radius:0px;background:rgba(242, 242, 242, 0);padding-top:0px;padding-right:0px;padding-bottom:0px;padding-left:0px;margin-bottom:80px;}.kt-info-box1334_eaf738-be .kt-blocks-info-box-link-wrap:hover{background:rgba(242, 242, 242, 0);}.kt-info-box1334_eaf738-be .kadence-info-box-icon-container .kt-info-svg-icon, .kt-info-box1334_eaf738-be .kt-info-svg-icon-flip, .kt-info-box1334_eaf738-be .kt-blocks-info-box-number{font-size:22px;}.kt-info-box1334_eaf738-be .kt-blocks-info-box-media{color:#f0ae50;background:var(--global-palette9, #ffffff);border-color:#444444;border-radius:50px;overflow:hidden;border-top-width:0px;border-right-width:0px;border-bottom-width:0px;border-left-width:0px;padding-top:13px;padding-right:15px;padding-bottom:13px;padding-left:15px;}.kt-info-box1334_eaf738-be .kt-blocks-info-box-media-container{margin-top:0px;margin-right:0px;margin-bottom:0px;margin-left:0px;}.kt-info-box1334_eaf738-be .kt-blocks-info-box-media .kadence-info-box-image-intrisic img{border-radius:50px;}.kt-info-box1334_eaf738-be .kt-blocks-info-box-link-wrap:hover .kt-blocks-info-box-media{color:#f0ae50;background:var(--global-palette9, #ffffff);border-color:#444444;}.kt-info-box1334_eaf738-be .kt-infobox-textcontent h5.kt-blocks-info-box-title{color:var(--global-palette9, #ffffff);padding-top:0px;padding-right:0px;padding-bottom:0px;padding-left:0px;margin-top:5px;margin-right:0px;margin-bottom:10px;margin-left:0px;}.kt-info-box1334_eaf738-be .kt-infobox-textcontent .kt-blocks-info-box-text{color:var(--global-palette9, #ffffff);}.kt-info-box1334_eaf738-be .kt-blocks-info-box-learnmore{background:transparent;border-color:#555555;border-width:0px 0px 0px 0px;padding-top:4px;padding-right:8px;padding-bottom:4px;padding-left:8px;margin-top:10px;margin-right:0px;margin-bottom:10px;margin-left:0px;}.kt-info-box1334_eaf738-be .kt-blocks-info-box-link-wrap:hover .kt-blocks-info-box-learnmore,.kt-info-box1334_eaf738-be .kt-blocks-info-box-link-wrap .kt-blocks-info-box-learnmore:focus{color:#ffffff;background:#444444;border-color:#444444;}<\/style>\n<div class=\"wp-block-kadence-infobox kt-info-box1334_eaf738-be\"><div class=\"kt-blocks-info-box-link-wrap kt-blocks-info-box-media-align-top kt-info-halign-left\"><div class=\"kt-infobox-textcontent\"><h5 class=\"kt-blocks-info-box-title\">Aresztowania i represje<\/h5><p class=\"kt-blocks-info-box-text\">Tysi\u0105ce dzia\u0142aczy opozycji, w tym Lech Wa\u0142\u0119sa, zosta\u0142o internowanych. Wprowadzono godzin\u0119 policyjn\u0105, ograniczono prawa obywatelskie.<\/p><\/div><\/div><\/div>\n\n\n<style>.wp-block-kadence-column.kb-section-dir-horizontal > .kt-inside-inner-col > .kt-info-box1334_9bdaf1-f1 .kt-blocks-info-box-link-wrap{max-width:unset;}.kt-info-box1334_9bdaf1-f1 .kt-blocks-info-box-link-wrap{border-top-left-radius:0px;border-top-right-radius:0px;border-bottom-right-radius:0px;border-bottom-left-radius:0px;background:rgba(242, 242, 242, 0);padding-top:0px;padding-right:0px;padding-bottom:0px;padding-left:0px;margin-bottom:80px;}.kt-info-box1334_9bdaf1-f1 .kt-blocks-info-box-link-wrap:hover{background:rgba(242, 242, 242, 0);}.kt-info-box1334_9bdaf1-f1 .kadence-info-box-icon-container .kt-info-svg-icon, .kt-info-box1334_9bdaf1-f1 .kt-info-svg-icon-flip, .kt-info-box1334_9bdaf1-f1 .kt-blocks-info-box-number{font-size:22px;}.kt-info-box1334_9bdaf1-f1 .kt-blocks-info-box-media{color:#2a74ed;background:var(--global-palette9, #ffffff);border-color:#444444;border-radius:50px;overflow:hidden;border-top-width:0px;border-right-width:0px;border-bottom-width:0px;border-left-width:0px;padding-top:13px;padding-right:15px;padding-bottom:13px;padding-left:15px;}.kt-info-box1334_9bdaf1-f1 .kt-blocks-info-box-media-container{margin-top:0px;margin-right:0px;margin-bottom:0px;margin-left:0px;}.kt-info-box1334_9bdaf1-f1 .kt-blocks-info-box-media .kadence-info-box-image-intrisic img{border-radius:50px;}.kt-info-box1334_9bdaf1-f1 .kt-blocks-info-box-link-wrap:hover .kt-blocks-info-box-media{color:#2a74ed;background:var(--global-palette9, #ffffff);border-color:#444444;}.kt-info-box1334_9bdaf1-f1 .kt-infobox-textcontent h5.kt-blocks-info-box-title{color:var(--global-palette9, #ffffff);padding-top:0px;padding-right:0px;padding-bottom:0px;padding-left:0px;margin-top:5px;margin-right:0px;margin-bottom:10px;margin-left:0px;}.kt-info-box1334_9bdaf1-f1 .kt-infobox-textcontent .kt-blocks-info-box-text{color:var(--global-palette9, #ffffff);}.kt-info-box1334_9bdaf1-f1 .kt-blocks-info-box-learnmore{background:transparent;border-color:#555555;border-width:0px 0px 0px 0px;padding-top:4px;padding-right:8px;padding-bottom:4px;padding-left:8px;margin-top:10px;margin-right:0px;margin-bottom:10px;margin-left:0px;}.kt-info-box1334_9bdaf1-f1 .kt-blocks-info-box-link-wrap:hover .kt-blocks-info-box-learnmore,.kt-info-box1334_9bdaf1-f1 .kt-blocks-info-box-link-wrap .kt-blocks-info-box-learnmore:focus{color:#ffffff;background:#444444;border-color:#444444;}<\/style>\n<div class=\"wp-block-kadence-infobox kt-info-box1334_9bdaf1-f1\"><div class=\"kt-blocks-info-box-link-wrap kt-blocks-info-box-media-align-top kt-info-halign-left\"><div class=\"kt-infobox-textcontent\"><h5 class=\"kt-blocks-info-box-title\">Zniesienie stanu wojennego<\/h5><p class=\"kt-blocks-info-box-text\">22 lipca 1983 &#8211; Mimo formalnego zako\u0144czenia represje trwa\u0142y, a opozycja nadal dzia\u0142a\u0142a w podziemiu, co ostatecznie doprowadzi\u0142o do upadku PRL.<\/p><\/div><\/div><\/div>\n<\/div><\/div>\n\n<\/div><\/div><\/div><\/div>\n\n<\/div><\/div>\n\n<style>.kb-row-layout-id1334_2f0ee1-4c > .kt-row-column-wrap{align-content:start;}:where(.kb-row-layout-id1334_2f0ee1-4c > .kt-row-column-wrap) > .wp-block-kadence-column{justify-content:start;}.kb-row-layout-id1334_2f0ee1-4c > .kt-row-column-wrap{column-gap:var(--global-kb-gap-md, 2rem);row-gap:var(--global-kb-gap-md, 2rem);max-width:var( --global-content-width, 1290px );padding-left:var(--global-content-edge-padding);padding-right:var(--global-content-edge-padding);padding-top:80px;padding-bottom:25px;grid-template-columns:minmax(0, 1fr);}.kb-row-layout-id1334_2f0ee1-4c{background-image:url('https:\/\/pamiec81.pl\/wp-content\/uploads\/2024\/10\/shutterstock_2453679157.jpg');background-size:cover;background-position:53% 46%;background-attachment:scroll;background-repeat:no-repeat;}.kb-row-layout-id1334_2f0ee1-4c > .kt-row-layout-overlay{opacity:1;background:linear-gradient(190deg, var(--global-palette9) 50%, rgba(255, 255, 255, 0) 100%);}@media all and (max-width: 1024px){.kb-row-layout-id1334_2f0ee1-4c > .kt-row-column-wrap{grid-template-columns:minmax(0, 1fr);}}@media all and (max-width: 767px){.kb-row-layout-id1334_2f0ee1-4c > .kt-row-column-wrap{padding-right:0px;padding-left:0px;grid-template-columns:minmax(0, 1fr);}}<\/style><div class=\"kb-row-layout-wrap kb-row-layout-id1334_2f0ee1-4c alignnone kt-row-has-bg wp-block-kadence-rowlayout\"><div class=\"kt-row-layout-overlay kt-row-overlay-gradient\"><\/div><div class=\"kt-row-column-wrap kt-has-1-columns kt-row-layout-equal kt-tab-layout-inherit kt-mobile-layout-row kt-row-valign-top kb-theme-content-width\">\n<style>.kadence-column1334_a9f152-2e > .kt-inside-inner-col,.kadence-column1334_a9f152-2e > .kt-inside-inner-col:before{border-top-left-radius:0px;border-top-right-radius:0px;border-bottom-right-radius:0px;border-bottom-left-radius:0px;}.kadence-column1334_a9f152-2e > .kt-inside-inner-col{column-gap:var(--global-kb-gap-sm, 1rem);}.kadence-column1334_a9f152-2e > .kt-inside-inner-col{flex-direction:column;}.kadence-column1334_a9f152-2e > .kt-inside-inner-col > .aligncenter{width:100%;}.kadence-column1334_a9f152-2e > .kt-inside-inner-col:before{opacity:0.3;}.kadence-column1334_a9f152-2e{position:relative;}@media all and (max-width: 1024px){.kadence-column1334_a9f152-2e > .kt-inside-inner-col{flex-direction:column;justify-content:center;}}@media all and (max-width: 767px){.kadence-column1334_a9f152-2e > .kt-inside-inner-col{flex-direction:column;justify-content:center;}}<\/style>\n<div class=\"wp-block-kadence-column kadence-column1334_a9f152-2e inner-column-2\"><div class=\"kt-inside-inner-col\"><style>.kb-posts-id-1334_0d7a3f-77 .kb-post-list-item{display:grid;}<\/style><ul class=\"wp-block-kadence-posts kb-posts kadence-posts-list kb-posts-id-1334_0d7a3f-77 content-wrap grid-cols kb-posts-style-boxed grid-sm-col-2 grid-lg-col-3 item-image-style-above\"><li class=\"kb-post-list-item\">\n\t<article class=\"entry content-bg loop-entry post-1362 post type-post status-publish format-standard has-post-thumbnail hentry category-blog\">\n\t\t\t\t<a aria-hidden=\"true\" tabindex=\"-1\" role=\"presentation\" class=\"post-thumbnail kadence-thumbnail-ratio-2-3\" href=\"https:\/\/pamiec81.pl\/index.php\/o-projekcie\/\" aria-label=\"Pami\u0119tajmy o grudniu 81\">\n\t\t\t<div class=\"post-thumbnail-inner\">\n\t\t\t\t<img loading=\"lazy\" decoding=\"async\" width=\"768\" height=\"506\" src=\"https:\/\/pamiec81.pl\/wp-content\/uploads\/2024\/10\/shutterstock_1258745344-768x506.jpg\" class=\"attachment-medium_large size-medium_large wp-post-image\" alt=\"Grudzie\u0144 81\" srcset=\"https:\/\/pamiec81.pl\/wp-content\/uploads\/2024\/10\/shutterstock_1258745344-768x506.jpg 768w, https:\/\/pamiec81.pl\/wp-content\/uploads\/2024\/10\/shutterstock_1258745344-300x198.jpg 300w, https:\/\/pamiec81.pl\/wp-content\/uploads\/2024\/10\/shutterstock_1258745344.jpg 1000w\" sizes=\"auto, (max-width: 768px) 100vw, 768px\" \/>\t\t\t<\/div>\n\t\t<\/a><!-- .post-thumbnail -->\n\t\t\t\t<div class=\"entry-content-wrap\">\n\t\t\t<header class=\"entry-header\">\n\t<h2 class=\"entry-title\"><a href=\"https:\/\/pamiec81.pl\/index.php\/o-projekcie\/\" rel=\"bookmark\">Pami\u0119tajmy o grudniu 81<\/a><\/h2><\/header><!-- .entry-header -->\n\t<div class=\"entry-summary\">\n\t\t<p>Inicjatywa Pami\u0119tajmy o grudniu 81 ma na celu upami\u0119tnienie wydarze\u0144 zwi\u0105zanych z wprowadzeniem stanu wojennego w Polsce 13 grudnia 1981 roku. To kluczowe wydarzenie w historii kraju, kt\u00f3re mia\u0142o ogromny wp\u0142yw na \u017cycie spo\u0142eczne i polityczne, zas\u0142uguje na szczeg\u00f3lne miejsce w pami\u0119ci wsp\u00f3\u0142czesnych pokole\u0144. Celem projektu jest nie tylko przypomnienie o trudnych czasach, ale tak\u017ce&#8230;<\/p>\n\t<\/div><!-- .entry-summary -->\n\t<footer class=\"entry-footer\">\n\t\t\t<div class=\"entry-actions\">\n\t\t\t<p class=\"more-link-wrap\">\n\t\t\t\t<a href=\"https:\/\/pamiec81.pl\/index.php\/o-projekcie\/\" class=\"post-more-link\">\n\t\t\t\t\tCzytaj wi\u0119cej<span class=\"screen-reader-text\"> Pami\u0119tajmy o grudniu 81<\/span><span class=\"kadence-svg-iconset svg-baseline\"><svg aria-hidden=\"true\" class=\"kadence-svg-icon kadence-arrow-right-alt-svg\" fill=\"currentColor\" version=\"1.1\" xmlns=\"http:\/\/www.w3.org\/2000\/svg\" width=\"27\" height=\"28\" viewBox=\"0 0 27 28\"><title>Kontynuuj<\/title><path d=\"M27 13.953c0 0.141-0.063 0.281-0.156 0.375l-6 5.531c-0.156 0.141-0.359 0.172-0.547 0.094-0.172-0.078-0.297-0.25-0.297-0.453v-3.5h-19.5c-0.281 0-0.5-0.219-0.5-0.5v-3c0-0.281 0.219-0.5 0.5-0.5h19.5v-3.5c0-0.203 0.109-0.375 0.297-0.453s0.391-0.047 0.547 0.078l6 5.469c0.094 0.094 0.156 0.219 0.156 0.359v0z\"><\/path>\n\t\t\t<\/svg><\/span>\t\t\t\t<\/a>\n\t\t\t<\/p>\n\t\t<\/div><!-- .entry-actions -->\n\t\t<\/footer><!-- .entry-footer -->\t\t<\/div>\n\t<\/article>\n<\/li>\n<li class=\"kb-post-list-item\">\n\t<article class=\"entry content-bg loop-entry post-1381 post type-post status-publish format-standard has-post-thumbnail hentry category-blog\">\n\t\t\t\t<a aria-hidden=\"true\" tabindex=\"-1\" role=\"presentation\" class=\"post-thumbnail kadence-thumbnail-ratio-2-3\" href=\"https:\/\/pamiec81.pl\/index.php\/nie-zabierajcie-mamy-pelna-wersja-filmu-dla-szkol\/\" aria-label=\"&#8222;Nie zabierajcie mamy&#8221; \u2013 Wzruszaj\u0105ca opowie\u015b\u0107 o rodzinie\">\n\t\t\t<div class=\"post-thumbnail-inner\">\n\t\t\t\t<img loading=\"lazy\" decoding=\"async\" width=\"768\" height=\"480\" src=\"https:\/\/pamiec81.pl\/wp-content\/uploads\/2024\/10\/shutterstock_1004343829-768x480.jpg\" class=\"attachment-medium_large size-medium_large wp-post-image\" alt=\"Polska\" srcset=\"https:\/\/pamiec81.pl\/wp-content\/uploads\/2024\/10\/shutterstock_1004343829-768x480.jpg 768w, https:\/\/pamiec81.pl\/wp-content\/uploads\/2024\/10\/shutterstock_1004343829-300x188.jpg 300w, https:\/\/pamiec81.pl\/wp-content\/uploads\/2024\/10\/shutterstock_1004343829.jpg 1000w\" sizes=\"auto, (max-width: 768px) 100vw, 768px\" \/>\t\t\t<\/div>\n\t\t<\/a><!-- .post-thumbnail -->\n\t\t\t\t<div class=\"entry-content-wrap\">\n\t\t\t<header class=\"entry-header\">\n\t<h2 class=\"entry-title\"><a href=\"https:\/\/pamiec81.pl\/index.php\/nie-zabierajcie-mamy-pelna-wersja-filmu-dla-szkol\/\" rel=\"bookmark\">&#8222;Nie zabierajcie mamy&#8221; \u2013 Wzruszaj\u0105ca opowie\u015b\u0107 o rodzinie<\/a><\/h2><\/header><!-- .entry-header -->\n\t<div class=\"entry-summary\">\n\t\t<p>Film &#8222;Nie zabierajcie mamy&#8221; to niezwykle poruszaj\u0105ca produkcja familijna, kt\u00f3ra zyskuje coraz wi\u0119ksz\u0105 popularno\u015b\u0107 w\u015br\u00f3d m\u0142odszej widowni. Przeznaczony g\u0142\u00f3wnie dla szk\u00f3\u0142, film ten podejmuje trudne tematy zwi\u0105zane z rodzin\u0105, mi\u0142o\u015bci\u0105 oraz walk\u0105 o bliskich. Wzruszaj\u0105ca fabu\u0142a sprawia, \u017ce jest to nie tylko rozrywka, ale r\u00f3wnie\u017c wa\u017cny materia\u0142 edukacyjny, kt\u00f3ry sk\u0142ania do refleksji nad warto\u015bciami, kt\u00f3re&#8230;<\/p>\n\t<\/div><!-- .entry-summary -->\n\t<footer class=\"entry-footer\">\n\t\t\t<div class=\"entry-actions\">\n\t\t\t<p class=\"more-link-wrap\">\n\t\t\t\t<a href=\"https:\/\/pamiec81.pl\/index.php\/nie-zabierajcie-mamy-pelna-wersja-filmu-dla-szkol\/\" class=\"post-more-link\">\n\t\t\t\t\tCzytaj wi\u0119cej<span class=\"screen-reader-text\"> &#8222;Nie zabierajcie mamy&#8221; \u2013 Wzruszaj\u0105ca opowie\u015b\u0107 o rodzinie<\/span><span class=\"kadence-svg-iconset svg-baseline\"><svg aria-hidden=\"true\" class=\"kadence-svg-icon kadence-arrow-right-alt-svg\" fill=\"currentColor\" version=\"1.1\" xmlns=\"http:\/\/www.w3.org\/2000\/svg\" width=\"27\" height=\"28\" viewBox=\"0 0 27 28\"><title>Kontynuuj<\/title><path d=\"M27 13.953c0 0.141-0.063 0.281-0.156 0.375l-6 5.531c-0.156 0.141-0.359 0.172-0.547 0.094-0.172-0.078-0.297-0.25-0.297-0.453v-3.5h-19.5c-0.281 0-0.5-0.219-0.5-0.5v-3c0-0.281 0.219-0.5 0.5-0.5h19.5v-3.5c0-0.203 0.109-0.375 0.297-0.453s0.391-0.047 0.547 0.078l6 5.469c0.094 0.094 0.156 0.219 0.156 0.359v0z\"><\/path>\n\t\t\t<\/svg><\/span>\t\t\t\t<\/a>\n\t\t\t<\/p>\n\t\t<\/div><!-- .entry-actions -->\n\t\t<\/footer><!-- .entry-footer -->\t\t<\/div>\n\t<\/article>\n<\/li>\n<li class=\"kb-post-list-item\">\n\t<article class=\"entry content-bg loop-entry post-1384 post type-post status-publish format-standard has-post-thumbnail hentry category-blog\">\n\t\t\t\t<a aria-hidden=\"true\" tabindex=\"-1\" role=\"presentation\" class=\"post-thumbnail kadence-thumbnail-ratio-2-3\" href=\"https:\/\/pamiec81.pl\/index.php\/drogowskazy-pozostawione-przez-kard-stefana-wyszynskiego-na-czas-kryzys\/\" aria-label=\"Drogowskazy pozostawione przez kardyna\u0142a Stefana Wyszy\u0144skiego na czas kryzysu\">\n\t\t\t<div class=\"post-thumbnail-inner\">\n\t\t\t\t<img loading=\"lazy\" decoding=\"async\" width=\"768\" height=\"512\" src=\"https:\/\/pamiec81.pl\/wp-content\/uploads\/2024\/10\/shutterstock_2324819439-768x512.jpg\" class=\"attachment-medium_large size-medium_large wp-post-image\" alt=\"Historia Polski\" srcset=\"https:\/\/pamiec81.pl\/wp-content\/uploads\/2024\/10\/shutterstock_2324819439-768x512.jpg 768w, https:\/\/pamiec81.pl\/wp-content\/uploads\/2024\/10\/shutterstock_2324819439-300x200.jpg 300w, https:\/\/pamiec81.pl\/wp-content\/uploads\/2024\/10\/shutterstock_2324819439.jpg 1000w\" sizes=\"auto, (max-width: 768px) 100vw, 768px\" \/>\t\t\t<\/div>\n\t\t<\/a><!-- .post-thumbnail -->\n\t\t\t\t<div class=\"entry-content-wrap\">\n\t\t\t<header class=\"entry-header\">\n\t<h2 class=\"entry-title\"><a href=\"https:\/\/pamiec81.pl\/index.php\/drogowskazy-pozostawione-przez-kard-stefana-wyszynskiego-na-czas-kryzys\/\" rel=\"bookmark\">Drogowskazy pozostawione przez kardyna\u0142a Stefana Wyszy\u0144skiego na czas kryzysu<\/a><\/h2><\/header><!-- .entry-header -->\n\t<div class=\"entry-summary\">\n\t\t<p>Kardyna\u0142 Stefan Wyszy\u0144ski, prymas Polski, to jedna z najwa\u017cniejszych postaci w historii Ko\u015bcio\u0142a katolickiego w Polsce oraz kluczowa figura w walce o prawa cz\u0142owieka i demokracj\u0119 w okresie PRL. Jego nauczanie i dzia\u0142alno\u015b\u0107 duszpasterska pozostawi\u0142y niezatarte \u015blady w polskim spo\u0142ecze\u0144stwie, a jego my\u015bli i przes\u0142ania wci\u0105\u017c s\u0105 aktualne, zw\u0142aszcza w obliczu wsp\u00f3\u0142czesnych kryzys\u00f3w. Kto by\u0142&#8230;<\/p>\n\t<\/div><!-- .entry-summary -->\n\t<footer class=\"entry-footer\">\n\t\t\t<div class=\"entry-actions\">\n\t\t\t<p class=\"more-link-wrap\">\n\t\t\t\t<a href=\"https:\/\/pamiec81.pl\/index.php\/drogowskazy-pozostawione-przez-kard-stefana-wyszynskiego-na-czas-kryzys\/\" class=\"post-more-link\">\n\t\t\t\t\tCzytaj wi\u0119cej<span class=\"screen-reader-text\"> Drogowskazy pozostawione przez kardyna\u0142a Stefana Wyszy\u0144skiego na czas kryzysu<\/span><span class=\"kadence-svg-iconset svg-baseline\"><svg aria-hidden=\"true\" class=\"kadence-svg-icon kadence-arrow-right-alt-svg\" fill=\"currentColor\" version=\"1.1\" xmlns=\"http:\/\/www.w3.org\/2000\/svg\" width=\"27\" height=\"28\" viewBox=\"0 0 27 28\"><title>Kontynuuj<\/title><path d=\"M27 13.953c0 0.141-0.063 0.281-0.156 0.375l-6 5.531c-0.156 0.141-0.359 0.172-0.547 0.094-0.172-0.078-0.297-0.25-0.297-0.453v-3.5h-19.5c-0.281 0-0.5-0.219-0.5-0.5v-3c0-0.281 0.219-0.5 0.5-0.5h19.5v-3.5c0-0.203 0.109-0.375 0.297-0.453s0.391-0.047 0.547 0.078l6 5.469c0.094 0.094 0.156 0.219 0.156 0.359v0z\"><\/path>\n\t\t\t<\/svg><\/span>\t\t\t\t<\/a>\n\t\t\t<\/p>\n\t\t<\/div><!-- .entry-actions -->\n\t\t<\/footer><!-- .entry-footer -->\t\t<\/div>\n\t<\/article>\n<\/li>\n<li class=\"kb-post-list-item\">\n\t<article class=\"entry content-bg loop-entry post-1419 post type-post status-publish format-standard has-post-thumbnail hentry category-historia\">\n\t\t\t\t<a aria-hidden=\"true\" tabindex=\"-1\" role=\"presentation\" class=\"post-thumbnail kadence-thumbnail-ratio-2-3\" href=\"https:\/\/pamiec81.pl\/index.php\/historia-stanu-wojennego\/\" aria-label=\"Historia stanu wojennego\">\n\t\t\t<div class=\"post-thumbnail-inner\">\n\t\t\t\t<img loading=\"lazy\" decoding=\"async\" width=\"768\" height=\"512\" src=\"https:\/\/pamiec81.pl\/wp-content\/uploads\/2024\/10\/shutterstock_2397257335-768x512.jpg\" class=\"attachment-medium_large size-medium_large wp-post-image\" alt=\"grudzie\u0144 81\" srcset=\"https:\/\/pamiec81.pl\/wp-content\/uploads\/2024\/10\/shutterstock_2397257335-768x512.jpg 768w, https:\/\/pamiec81.pl\/wp-content\/uploads\/2024\/10\/shutterstock_2397257335-300x200.jpg 300w, https:\/\/pamiec81.pl\/wp-content\/uploads\/2024\/10\/shutterstock_2397257335.jpg 1000w\" sizes=\"auto, (max-width: 768px) 100vw, 768px\" \/>\t\t\t<\/div>\n\t\t<\/a><!-- .post-thumbnail -->\n\t\t\t\t<div class=\"entry-content-wrap\">\n\t\t\t<header class=\"entry-header\">\n\t<h2 class=\"entry-title\"><a href=\"https:\/\/pamiec81.pl\/index.php\/historia-stanu-wojennego\/\" rel=\"bookmark\">Historia stanu wojennego<\/a><\/h2><\/header><!-- .entry-header -->\n\t<div class=\"entry-summary\">\n\t\t<p>Stan wojenny, kt\u00f3ry zosta\u0142 wprowadzony w Polsce 13 grudnia 1981 roku, by\u0142 jednym z najwa\u017cniejszych wydarze\u0144 w najnowszej historii kraju. Ograniczenia swob\u00f3d obywatelskich, represje wobec opozycji i dzia\u0142ania maj\u0105ce na celu utrzymanie w\u0142adzy przez re\u017cim komunistyczny odcisn\u0119\u0142y swoje pi\u0119tno na polskim spo\u0142ecze\u0144stwie. W artykule przedstawimy szczeg\u00f3\u0142owy obraz wydarze\u0144 zwi\u0105zanych z og\u0142oszeniem stanu wojennego, jego przebiegiem&#8230;<\/p>\n\t<\/div><!-- .entry-summary -->\n\t<footer class=\"entry-footer\">\n\t\t\t<div class=\"entry-actions\">\n\t\t\t<p class=\"more-link-wrap\">\n\t\t\t\t<a href=\"https:\/\/pamiec81.pl\/index.php\/historia-stanu-wojennego\/\" class=\"post-more-link\">\n\t\t\t\t\tCzytaj wi\u0119cej<span class=\"screen-reader-text\"> Historia stanu wojennego<\/span><span class=\"kadence-svg-iconset svg-baseline\"><svg aria-hidden=\"true\" class=\"kadence-svg-icon kadence-arrow-right-alt-svg\" fill=\"currentColor\" version=\"1.1\" xmlns=\"http:\/\/www.w3.org\/2000\/svg\" width=\"27\" height=\"28\" viewBox=\"0 0 27 28\"><title>Kontynuuj<\/title><path d=\"M27 13.953c0 0.141-0.063 0.281-0.156 0.375l-6 5.531c-0.156 0.141-0.359 0.172-0.547 0.094-0.172-0.078-0.297-0.25-0.297-0.453v-3.5h-19.5c-0.281 0-0.5-0.219-0.5-0.5v-3c0-0.281 0.219-0.5 0.5-0.5h19.5v-3.5c0-0.203 0.109-0.375 0.297-0.453s0.391-0.047 0.547 0.078l6 5.469c0.094 0.094 0.156 0.219 0.156 0.359v0z\"><\/path>\n\t\t\t<\/svg><\/span>\t\t\t\t<\/a>\n\t\t\t<\/p>\n\t\t<\/div><!-- .entry-actions -->\n\t\t<\/footer><!-- .entry-footer -->\t\t<\/div>\n\t<\/article>\n<\/li>\n<li class=\"kb-post-list-item\">\n\t<article class=\"entry content-bg loop-entry post-1422 post type-post status-publish format-standard has-post-thumbnail hentry category-historia\">\n\t\t\t\t<a aria-hidden=\"true\" tabindex=\"-1\" role=\"presentation\" class=\"post-thumbnail kadence-thumbnail-ratio-2-3\" href=\"https:\/\/pamiec81.pl\/index.php\/wprowadzenie-stanu-wojennego\/\" aria-label=\"Wprowadzenie stanu wojennego &#8211; Jakie by\u0142y przyczyny?\">\n\t\t\t<div class=\"post-thumbnail-inner\">\n\t\t\t\t<img loading=\"lazy\" decoding=\"async\" width=\"768\" height=\"511\" src=\"https:\/\/pamiec81.pl\/wp-content\/uploads\/2024\/10\/shutterstock_2453679157-768x511.jpg\" class=\"attachment-medium_large size-medium_large wp-post-image\" alt=\"Stan wojenny\" srcset=\"https:\/\/pamiec81.pl\/wp-content\/uploads\/2024\/10\/shutterstock_2453679157-768x511.jpg 768w, https:\/\/pamiec81.pl\/wp-content\/uploads\/2024\/10\/shutterstock_2453679157-300x200.jpg 300w, https:\/\/pamiec81.pl\/wp-content\/uploads\/2024\/10\/shutterstock_2453679157.jpg 1000w\" sizes=\"auto, (max-width: 768px) 100vw, 768px\" \/>\t\t\t<\/div>\n\t\t<\/a><!-- .post-thumbnail -->\n\t\t\t\t<div class=\"entry-content-wrap\">\n\t\t\t<header class=\"entry-header\">\n\t<h2 class=\"entry-title\"><a href=\"https:\/\/pamiec81.pl\/index.php\/wprowadzenie-stanu-wojennego\/\" rel=\"bookmark\">Wprowadzenie stanu wojennego &#8211; Jakie by\u0142y przyczyny?<\/a><\/h2><\/header><!-- .entry-header -->\n\t<div class=\"entry-summary\">\n\t\t<p>Wprowadzenie stanu wojennego w Polsce 13 grudnia 1981 roku by\u0142o jednym z najbardziej dramatycznych wydarze\u0144 w historii PRL, kt\u00f3re mia\u0142o ogromny wp\u0142yw na \u017cycie milion\u00f3w Polak\u00f3w. Spowodowane by\u0142o wieloma bezpo\u015brednimi przyczynami i okoliczno\u015bciami, kt\u00f3re sk\u0142oni\u0142y \u00f3wczesne w\u0142adze do podj\u0119cia tej drastycznej decyzji. W artykule przedstawimy kompleksowy przegl\u0105d przyczyn, okoliczno\u015bci oraz konsekwencji wprowadzenia stanu wojennego. Historyczne&#8230;<\/p>\n\t<\/div><!-- .entry-summary -->\n\t<footer class=\"entry-footer\">\n\t\t\t<div class=\"entry-actions\">\n\t\t\t<p class=\"more-link-wrap\">\n\t\t\t\t<a href=\"https:\/\/pamiec81.pl\/index.php\/wprowadzenie-stanu-wojennego\/\" class=\"post-more-link\">\n\t\t\t\t\tCzytaj wi\u0119cej<span class=\"screen-reader-text\"> Wprowadzenie stanu wojennego &#8211; Jakie by\u0142y przyczyny?<\/span><span class=\"kadence-svg-iconset svg-baseline\"><svg aria-hidden=\"true\" class=\"kadence-svg-icon kadence-arrow-right-alt-svg\" fill=\"currentColor\" version=\"1.1\" xmlns=\"http:\/\/www.w3.org\/2000\/svg\" width=\"27\" height=\"28\" viewBox=\"0 0 27 28\"><title>Kontynuuj<\/title><path d=\"M27 13.953c0 0.141-0.063 0.281-0.156 0.375l-6 5.531c-0.156 0.141-0.359 0.172-0.547 0.094-0.172-0.078-0.297-0.25-0.297-0.453v-3.5h-19.5c-0.281 0-0.5-0.219-0.5-0.5v-3c0-0.281 0.219-0.5 0.5-0.5h19.5v-3.5c0-0.203 0.109-0.375 0.297-0.453s0.391-0.047 0.547 0.078l6 5.469c0.094 0.094 0.156 0.219 0.156 0.359v0z\"><\/path>\n\t\t\t<\/svg><\/span>\t\t\t\t<\/a>\n\t\t\t<\/p>\n\t\t<\/div><!-- .entry-actions -->\n\t\t<\/footer><!-- .entry-footer -->\t\t<\/div>\n\t<\/article>\n<\/li>\n<li class=\"kb-post-list-item\">\n\t<article class=\"entry content-bg loop-entry post-1424 post type-post status-publish format-standard has-post-thumbnail hentry category-historia\">\n\t\t\t\t<a aria-hidden=\"true\" tabindex=\"-1\" role=\"presentation\" class=\"post-thumbnail kadence-thumbnail-ratio-2-3\" href=\"https:\/\/pamiec81.pl\/index.php\/solidarnosc-a-wladza-komunistyczna\/\" aria-label=\"Solidarno\u015b\u0107 a w\u0142adza komunistyczna\">\n\t\t\t<div class=\"post-thumbnail-inner\">\n\t\t\t\t<img loading=\"lazy\" decoding=\"async\" width=\"768\" height=\"461\" src=\"https:\/\/pamiec81.pl\/wp-content\/uploads\/2024\/10\/shutterstock_1146067166-e1728911665947-768x461.jpg\" class=\"attachment-medium_large size-medium_large wp-post-image\" alt=\"Solidarno\u015b\u0107\" srcset=\"https:\/\/pamiec81.pl\/wp-content\/uploads\/2024\/10\/shutterstock_1146067166-e1728911665947-768x461.jpg 768w, https:\/\/pamiec81.pl\/wp-content\/uploads\/2024\/10\/shutterstock_1146067166-e1728911665947-300x180.jpg 300w, https:\/\/pamiec81.pl\/wp-content\/uploads\/2024\/10\/shutterstock_1146067166-e1728911665947.jpg 1000w\" sizes=\"auto, (max-width: 768px) 100vw, 768px\" \/>\t\t\t<\/div>\n\t\t<\/a><!-- .post-thumbnail -->\n\t\t\t\t<div class=\"entry-content-wrap\">\n\t\t\t<header class=\"entry-header\">\n\t<h2 class=\"entry-title\"><a href=\"https:\/\/pamiec81.pl\/index.php\/solidarnosc-a-wladza-komunistyczna\/\" rel=\"bookmark\">Solidarno\u015b\u0107 a w\u0142adza komunistyczna<\/a><\/h2><\/header><!-- .entry-header -->\n\t<div class=\"entry-summary\">\n\t\t<p>Geneza wydarze\u0144: Solidarno\u015b\u0107 a w\u0142adza komunistyczna \u2013 Konflikt mi\u0119dzy ruchem Solidarno\u015b\u0107 a w\u0142adz\u0105 PRL, kt\u00f3ry doprowadzi\u0142 do zamkni\u0119cia drogi do reform, jest niew\u0105tpliwie jednym z najwa\u017cniejszych moment\u00f3w w najnowszej historii Polski. Okres ten, pe\u0142en napi\u0119\u0107 i dramatycznych wydarze\u0144, w znacz\u0105cy spos\u00f3b wp\u0142yn\u0105\u0142 na kszta\u0142towanie si\u0119 polskiego spo\u0142ecze\u0144stwa i jego d\u0105\u017cenia do wolno\u015bci oraz demokracji. Powstanie&#8230;<\/p>\n\t<\/div><!-- .entry-summary -->\n\t<footer class=\"entry-footer\">\n\t\t\t<div class=\"entry-actions\">\n\t\t\t<p class=\"more-link-wrap\">\n\t\t\t\t<a href=\"https:\/\/pamiec81.pl\/index.php\/solidarnosc-a-wladza-komunistyczna\/\" class=\"post-more-link\">\n\t\t\t\t\tCzytaj wi\u0119cej<span class=\"screen-reader-text\"> Solidarno\u015b\u0107 a w\u0142adza komunistyczna<\/span><span class=\"kadence-svg-iconset svg-baseline\"><svg aria-hidden=\"true\" class=\"kadence-svg-icon kadence-arrow-right-alt-svg\" fill=\"currentColor\" version=\"1.1\" xmlns=\"http:\/\/www.w3.org\/2000\/svg\" width=\"27\" height=\"28\" viewBox=\"0 0 27 28\"><title>Kontynuuj<\/title><path d=\"M27 13.953c0 0.141-0.063 0.281-0.156 0.375l-6 5.531c-0.156 0.141-0.359 0.172-0.547 0.094-0.172-0.078-0.297-0.25-0.297-0.453v-3.5h-19.5c-0.281 0-0.5-0.219-0.5-0.5v-3c0-0.281 0.219-0.5 0.5-0.5h19.5v-3.5c0-0.203 0.109-0.375 0.297-0.453s0.391-0.047 0.547 0.078l6 5.469c0.094 0.094 0.156 0.219 0.156 0.359v0z\"><\/path>\n\t\t\t<\/svg><\/span>\t\t\t\t<\/a>\n\t\t\t<\/p>\n\t\t<\/div><!-- .entry-actions -->\n\t\t<\/footer><!-- .entry-footer -->\t\t<\/div>\n\t<\/article>\n<\/li>\n<\/ul><\/div><\/div>\n\n<\/div><\/div>","protected":false},"excerpt":{"rendered":"<p>walka o wolno\u015b\u0107 i demokracj\u0119 Stan wojenny w Polsce (1981\u20131983) wprowadzony przez gen. Jaruzelskiego mia\u0142 na celu st\u0142umienie &#8222;Solidarno\u015bci&#8221;. By\u0142 jednym z najtrudniejszych okres\u00f3w w historii PRL, pe\u0142nym represji i oporu. Historia Kluczowe wydarzenie w historii PRL Stan wojenny w Polsce (1981\u20131983) by\u0142 represj\u0105 komunistycznej w\u0142adzy wobec &#8222;Solidarno\u015bci&#8221; i opozycji, zmieniaj\u0105c losy kraju na lata.<\/p>\n","protected":false},"author":1,"featured_media":0,"parent":0,"menu_order":0,"comment_status":"closed","ping_status":"closed","template":"","meta":{"_kadence_starter_templates_imported_post":true,"_kad_post_transparent":"","_kad_post_title":"hide","_kad_post_layout":"fullwidth","_kad_post_sidebar_id":"","_kad_post_content_style":"unboxed","_kad_post_vertical_padding":"","_kad_post_feature":"","_kad_post_feature_position":"","_kad_post_header":false,"_kad_post_footer":false,"_kad_post_classname":"","footnotes":""},"class_list":["post-1334","page","type-page","status-publish","hentry"],"yoast_head":"<!-- This site is optimized with the Yoast SEO plugin v27.5 - https:\/\/yoast.com\/product\/yoast-seo-wordpress\/ -->\n<title>Grudzie\u0144 1981: Historia i Pami\u0119\u0107 wydarze\u0144<\/title>\n<meta name=\"robots\" content=\"index, follow, max-snippet:-1, max-image-preview:large, max-video-preview:-1\" \/>\n<link rel=\"canonical\" href=\"https:\/\/pamiec81.pl\/\" \/>\n<meta property=\"og:locale\" content=\"pl_PL\" \/>\n<meta property=\"og:type\" content=\"article\" \/>\n<meta property=\"og:title\" content=\"Grudzie\u0144 1981: Historia i Pami\u0119\u0107 wydarze\u0144\" \/>\n<meta property=\"og:description\" content=\"walka o wolno\u015b\u0107 i demokracj\u0119 Stan wojenny w Polsce (1981\u20131983) wprowadzony przez gen. Jaruzelskiego mia\u0142 na celu st\u0142umienie &#8222;Solidarno\u015bci&#8221;. By\u0142 jednym z najtrudniejszych okres\u00f3w w historii PRL, pe\u0142nym represji i oporu. Historia Kluczowe wydarzenie w historii PRL Stan wojenny w Polsce (1981\u20131983) by\u0142 represj\u0105 komunistycznej w\u0142adzy wobec &#8222;Solidarno\u015bci&#8221; i opozycji, zmieniaj\u0105c losy kraju na lata.\" \/>\n<meta property=\"og:url\" content=\"https:\/\/pamiec81.pl\/\" \/>\n<meta property=\"og:site_name\" content=\"Grudzie\u0144 1981: Historia i Pami\u0119\u0107\" \/>\n<meta property=\"article:modified_time\" content=\"2025-10-13T13:09:16+00:00\" \/>\n<meta name=\"twitter:card\" content=\"summary_large_image\" \/>\n<meta name=\"twitter:label1\" content=\"Szacowany czas czytania\" \/>\n\t<meta name=\"twitter:data1\" content=\"1 minuta\" \/>\n<script type=\"application\/ld+json\" class=\"yoast-schema-graph\">{\"@context\":\"https:\\\/\\\/schema.org\",\"@graph\":[{\"@type\":\"WebPage\",\"@id\":\"https:\\\/\\\/pamiec81.pl\\\/\",\"url\":\"https:\\\/\\\/pamiec81.pl\\\/\",\"name\":\"Grudzie\u0144 1981: Historia i Pami\u0119\u0107 wydarze\u0144\",\"isPartOf\":{\"@id\":\"https:\\\/\\\/pamiec81.pl\\\/#website\"},\"datePublished\":\"2021-10-12T15:18:14+00:00\",\"dateModified\":\"2025-10-13T13:09:16+00:00\",\"breadcrumb\":{\"@id\":\"https:\\\/\\\/pamiec81.pl\\\/#breadcrumb\"},\"inLanguage\":\"pl-PL\",\"potentialAction\":[{\"@type\":\"ReadAction\",\"target\":[\"https:\\\/\\\/pamiec81.pl\\\/\"]}]},{\"@type\":\"BreadcrumbList\",\"@id\":\"https:\\\/\\\/pamiec81.pl\\\/#breadcrumb\",\"itemListElement\":[{\"@type\":\"ListItem\",\"position\":1,\"name\":\"Strona g\u0142\u00f3wna\",\"item\":\"https:\\\/\\\/pamiec81.pl\\\/\"},{\"@type\":\"ListItem\",\"position\":2,\"name\":\"Home\"}]},{\"@type\":\"WebSite\",\"@id\":\"https:\\\/\\\/pamiec81.pl\\\/#website\",\"url\":\"https:\\\/\\\/pamiec81.pl\\\/\",\"name\":\"Grudzie\u0144 1981: Historia i Pami\u0119\u0107\",\"description\":\"Upami\u0119tnijmy stan wojenny grudnia 1981. Razem odkrywajmy histori\u0119, dzielmy si\u0119 wspomnieniami i refleksjami o walce o wolno\u015b\u0107 i prawd\u0119.\",\"publisher\":{\"@id\":\"https:\\\/\\\/pamiec81.pl\\\/#organization\"},\"potentialAction\":[{\"@type\":\"SearchAction\",\"target\":{\"@type\":\"EntryPoint\",\"urlTemplate\":\"https:\\\/\\\/pamiec81.pl\\\/?s={search_term_string}\"},\"query-input\":{\"@type\":\"PropertyValueSpecification\",\"valueRequired\":true,\"valueName\":\"search_term_string\"}}],\"inLanguage\":\"pl-PL\"},{\"@type\":\"Organization\",\"@id\":\"https:\\\/\\\/pamiec81.pl\\\/#organization\",\"name\":\"Grudzie\u0144 1981: Historia i Pami\u0119\u0107\",\"url\":\"https:\\\/\\\/pamiec81.pl\\\/\",\"logo\":{\"@type\":\"ImageObject\",\"inLanguage\":\"pl-PL\",\"@id\":\"https:\\\/\\\/pamiec81.pl\\\/#\\\/schema\\\/logo\\\/image\\\/\",\"url\":\"https:\\\/\\\/pamiec81.pl\\\/wp-content\\\/uploads\\\/2024\\\/10\\\/polskiemorsy.net__3_-removebg-preview.png\",\"contentUrl\":\"https:\\\/\\\/pamiec81.pl\\\/wp-content\\\/uploads\\\/2024\\\/10\\\/polskiemorsy.net__3_-removebg-preview.png\",\"width\":300,\"height\":100,\"caption\":\"Grudzie\u0144 1981: Historia i Pami\u0119\u0107\"},\"image\":{\"@id\":\"https:\\\/\\\/pamiec81.pl\\\/#\\\/schema\\\/logo\\\/image\\\/\"}}]}<\/script>\n<!-- \/ Yoast SEO plugin. -->","yoast_head_json":{"title":"Grudzie\u0144 1981: Historia i Pami\u0119\u0107 wydarze\u0144","robots":{"index":"index","follow":"follow","max-snippet":"max-snippet:-1","max-image-preview":"max-image-preview:large","max-video-preview":"max-video-preview:-1"},"canonical":"https:\/\/pamiec81.pl\/","og_locale":"pl_PL","og_type":"article","og_title":"Grudzie\u0144 1981: Historia i Pami\u0119\u0107 wydarze\u0144","og_description":"walka o wolno\u015b\u0107 i demokracj\u0119 Stan wojenny w Polsce (1981\u20131983) wprowadzony przez gen. Jaruzelskiego mia\u0142 na celu st\u0142umienie &#8222;Solidarno\u015bci&#8221;. By\u0142 jednym z najtrudniejszych okres\u00f3w w historii PRL, pe\u0142nym represji i oporu. Historia Kluczowe wydarzenie w historii PRL Stan wojenny w Polsce (1981\u20131983) by\u0142 represj\u0105 komunistycznej w\u0142adzy wobec &#8222;Solidarno\u015bci&#8221; i opozycji, zmieniaj\u0105c losy kraju na lata.","og_url":"https:\/\/pamiec81.pl\/","og_site_name":"Grudzie\u0144 1981: Historia i Pami\u0119\u0107","article_modified_time":"2025-10-13T13:09:16+00:00","twitter_card":"summary_large_image","twitter_misc":{"Szacowany czas czytania":"1 minuta"},"schema":{"@context":"https:\/\/schema.org","@graph":[{"@type":"WebPage","@id":"https:\/\/pamiec81.pl\/","url":"https:\/\/pamiec81.pl\/","name":"Grudzie\u0144 1981: Historia i Pami\u0119\u0107 wydarze\u0144","isPartOf":{"@id":"https:\/\/pamiec81.pl\/#website"},"datePublished":"2021-10-12T15:18:14+00:00","dateModified":"2025-10-13T13:09:16+00:00","breadcrumb":{"@id":"https:\/\/pamiec81.pl\/#breadcrumb"},"inLanguage":"pl-PL","potentialAction":[{"@type":"ReadAction","target":["https:\/\/pamiec81.pl\/"]}]},{"@type":"BreadcrumbList","@id":"https:\/\/pamiec81.pl\/#breadcrumb","itemListElement":[{"@type":"ListItem","position":1,"name":"Strona g\u0142\u00f3wna","item":"https:\/\/pamiec81.pl\/"},{"@type":"ListItem","position":2,"name":"Home"}]},{"@type":"WebSite","@id":"https:\/\/pamiec81.pl\/#website","url":"https:\/\/pamiec81.pl\/","name":"Grudzie\u0144 1981: Historia i Pami\u0119\u0107","description":"Upami\u0119tnijmy stan wojenny grudnia 1981. Razem odkrywajmy histori\u0119, dzielmy si\u0119 wspomnieniami i refleksjami o walce o wolno\u015b\u0107 i prawd\u0119.","publisher":{"@id":"https:\/\/pamiec81.pl\/#organization"},"potentialAction":[{"@type":"SearchAction","target":{"@type":"EntryPoint","urlTemplate":"https:\/\/pamiec81.pl\/?s={search_term_string}"},"query-input":{"@type":"PropertyValueSpecification","valueRequired":true,"valueName":"search_term_string"}}],"inLanguage":"pl-PL"},{"@type":"Organization","@id":"https:\/\/pamiec81.pl\/#organization","name":"Grudzie\u0144 1981: Historia i Pami\u0119\u0107","url":"https:\/\/pamiec81.pl\/","logo":{"@type":"ImageObject","inLanguage":"pl-PL","@id":"https:\/\/pamiec81.pl\/#\/schema\/logo\/image\/","url":"https:\/\/pamiec81.pl\/wp-content\/uploads\/2024\/10\/polskiemorsy.net__3_-removebg-preview.png","contentUrl":"https:\/\/pamiec81.pl\/wp-content\/uploads\/2024\/10\/polskiemorsy.net__3_-removebg-preview.png","width":300,"height":100,"caption":"Grudzie\u0144 1981: Historia i Pami\u0119\u0107"},"image":{"@id":"https:\/\/pamiec81.pl\/#\/schema\/logo\/image\/"}}]}},"_links":{"self":[{"href":"https:\/\/pamiec81.pl\/index.php\/wp-json\/wp\/v2\/pages\/1334","targetHints":{"allow":["GET"]}}],"collection":[{"href":"https:\/\/pamiec81.pl\/index.php\/wp-json\/wp\/v2\/pages"}],"about":[{"href":"https:\/\/pamiec81.pl\/index.php\/wp-json\/wp\/v2\/types\/page"}],"author":[{"embeddable":true,"href":"https:\/\/pamiec81.pl\/index.php\/wp-json\/wp\/v2\/users\/1"}],"replies":[{"embeddable":true,"href":"https:\/\/pamiec81.pl\/index.php\/wp-json\/wp\/v2\/comments?post=1334"}],"version-history":[{"count":14,"href":"https:\/\/pamiec81.pl\/index.php\/wp-json\/wp\/v2\/pages\/1334\/revisions"}],"predecessor-version":[{"id":1684,"href":"https:\/\/pamiec81.pl\/index.php\/wp-json\/wp\/v2\/pages\/1334\/revisions\/1684"}],"wp:attachment":[{"href":"https:\/\/pamiec81.pl\/index.php\/wp-json\/wp\/v2\/media?parent=1334"}],"curies":[{"name":"wp","href":"https:\/\/api.w.org\/{rel}","templated":true}]}}