{"version":"1.0","provider_name":"Grudzie\u0144 1981: Historia i Pami\u0119\u0107","provider_url":"https:\/\/pamiec81.pl","title":"Mi\u0119dzynarodowa reakcja na stan wojenny - Grudzie\u0144 1981: Historia i Pami\u0119\u0107","type":"rich","width":600,"height":338,"html":"<blockquote class=\"wp-embedded-content\" data-secret=\"Jb94UPruGu\"><a href=\"https:\/\/pamiec81.pl\/index.php\/miedzynarodowa-reakcja-na-stan-wojenny\/\">Mi\u0119dzynarodowa reakcja na stan wojenny<\/a><\/blockquote><iframe sandbox=\"allow-scripts\" security=\"restricted\" src=\"https:\/\/pamiec81.pl\/index.php\/miedzynarodowa-reakcja-na-stan-wojenny\/embed\/#?secret=Jb94UPruGu\" width=\"600\" height=\"338\" title=\"&#8222;Mi\u0119dzynarodowa reakcja na stan wojenny&#8221; &#8212; Grudzie\u0144 1981: Historia i Pami\u0119\u0107\" data-secret=\"Jb94UPruGu\" frameborder=\"0\" marginwidth=\"0\" marginheight=\"0\" scrolling=\"no\" class=\"wp-embedded-content\"><\/iframe><script>\n\/*! This file is auto-generated *\/\n!function(d,l){\"use strict\";l.querySelector&&d.addEventListener&&\"undefined\"!=typeof URL&&(d.wp=d.wp||{},d.wp.receiveEmbedMessage||(d.wp.receiveEmbedMessage=function(e){var t=e.data;if((t||t.secret||t.message||t.value)&&!\/[^a-zA-Z0-9]\/.test(t.secret)){for(var s,r,n,a=l.querySelectorAll('iframe[data-secret=\"'+t.secret+'\"]'),o=l.querySelectorAll('blockquote[data-secret=\"'+t.secret+'\"]'),c=new RegExp(\"^https?:$\",\"i\"),i=0;i<o.length;i++)o[i].style.display=\"none\";for(i=0;i<a.length;i++)s=a[i],e.source===s.contentWindow&&(s.removeAttribute(\"style\"),\"height\"===t.message?(1e3<(r=parseInt(t.value,10))?r=1e3:~~r<200&&(r=200),s.height=r):\"link\"===t.message&&(r=new URL(s.getAttribute(\"src\")),n=new URL(t.value),c.test(n.protocol))&&n.host===r.host&&l.activeElement===s&&(d.top.location.href=t.value))}},d.addEventListener(\"message\",d.wp.receiveEmbedMessage,!1),l.addEventListener(\"DOMContentLoaded\",function(){for(var e,t,s=l.querySelectorAll(\"iframe.wp-embedded-content\"),r=0;r<s.length;r++)(t=(e=s[r]).getAttribute(\"data-secret\"))||(t=Math.random().toString(36).substring(2,12),e.src+=\"#?secret=\"+t,e.setAttribute(\"data-secret\",t)),e.contentWindow.postMessage({message:\"ready\",secret:t},\"*\")},!1)))}(window,document);\n\/\/# sourceURL=https:\/\/pamiec81.pl\/wp-includes\/js\/wp-embed.min.js\n<\/script>\n","thumbnail_url":"https:\/\/pamiec81.pl\/wp-content\/uploads\/2024\/10\/shutterstock_2324819439.jpg","thumbnail_width":1000,"thumbnail_height":667,"description":"Stan wojenny, kt\u00f3ry wprowadzono w Polsce 13 grudnia 1981 roku, wzbudzi\u0142 ogromne zainteresowanie i r\u00f3\u017cnorodne reakcje na ca\u0142ym \u015bwiecie. Mi\u0119dzynarodowa spo\u0142eczno\u015b\u0107 by\u0142a zszokowana tak drastycznym krokiem w\u0142adz PRL, co wywo\u0142a\u0142o fale protest\u00f3w, sankcji oraz wsparcia dla opozycji. Reakcje rz\u0105d\u00f3w pa\u0144stw zachodnich Stanowisko Stan\u00f3w Zjednoczonych USA szybko zareagowa\u0142o na wydarzenia w Polsce, widz\u0105c wprowadzenie stanu wojennego..."}